{"id":522,"date":"2026-08-25T21:46:51","date_gmt":"2026-08-25T19:46:51","guid":{"rendered":"https:\/\/staging.hegering-menden.de\/?page_id=522"},"modified":"2026-08-25T21:46:51","modified_gmt":"2026-08-25T19:46:51","slug":"partner","status":"publish","type":"page","link":"https:\/\/www.hegering-menden.de\/?page_id=522","title":{"rendered":"Partner"},"content":{"rendered":"\t\t<div data-elementor-type=\"wp-page\" data-elementor-id=\"522\" class=\"elementor elementor-522\">\n\t\t\t\t<div class=\"elementor-element elementor-element-e61426b4 e-con e-atomic-element e-flexbox-base bg-cream section-py \" data-id=\"e61426b4\" data-element_type=\"e-flexbox\" data-e-type=\"e-flexbox\" data-interaction-id=\"e61426b4\">\n    <div class=\"elementor-element elementor-element-e671a025 e-con e-atomic-element e-flexbox-base container-1280 stack-lg \" data-id=\"e671a025\" data-element_type=\"e-flexbox\" data-e-type=\"e-flexbox\" data-interaction-id=\"e671a025\">\n    <div class=\"elementor-element elementor-element-ebe3f415 e-con e-atomic-element e-flexbox-base stack-sm \" data-id=\"ebe3f415\" data-element_type=\"e-flexbox\" data-e-type=\"e-flexbox\" data-interaction-id=\"ebe3f415\">\n    \t\t\t<p class=\"eyebrow e-paragraph-base\" data-interaction-id=\"e291bab4\">DER HEGERING<\/p>\n\t\t\t\t\t<h1 data-interaction-id=\"ee7d6bf0\" class=\"h1 e-heading-base\">Partner<\/h1>\n\t\t\t\t\t<p class=\"body-text e-paragraph-base\" data-interaction-id=\"e489bbb8\">Der Hegering Menden ist auf regionaler, Landes- und Bundesebene in die jagdliche Verbandsarbeit eingebunden. Unsere Mitgliedschaften st\u00e4rken den fachlichen Austausch und die gemeinsame Interessenvertretung f\u00fcr Jagd, Wild und Natur.<\/p>\n\t\t\n<\/div>\n\n<\/div>\n\n<\/div>\n<div class=\"elementor-element elementor-element-e715e958 e-con e-atomic-element e-flexbox-base bg-white section-py \" data-id=\"e715e958\" data-element_type=\"e-flexbox\" data-e-type=\"e-flexbox\" data-interaction-id=\"e715e958\">\n    <div class=\"elementor-element elementor-element-ea32d0f0 e-con e-atomic-element e-flexbox-base container-1280 stack-lg \" data-id=\"ea32d0f0\" data-element_type=\"e-flexbox\" data-e-type=\"e-flexbox\" data-interaction-id=\"ea32d0f0\">\n    <div class=\"elementor-element elementor-element-e1bc56d8 e-con e-atomic-element e-flexbox-base stack-lg \" data-id=\"e1bc56d8\" data-element_type=\"e-flexbox\" data-e-type=\"e-flexbox\" data-interaction-id=\"e1bc56d8\">\n    <div class=\"elementor-element elementor-element-e8f108fa e-con e-atomic-element e-flexbox-base stack-sm \" data-id=\"e8f108fa\" data-element_type=\"e-flexbox\" data-e-type=\"e-flexbox\" data-interaction-id=\"e8f108fa\">\n    \t\t\t<h2 data-interaction-id=\"effa4270\" class=\"h2-compact e-heading-base\">Unsere Mitgliedschaften<\/h2>\n\t\t\n<\/div>\n<div class=\"elementor-element elementor-element-e672515a e-con e-atomic-element e-flexbox-base grid-wrap \" data-id=\"e672515a\" data-element_type=\"e-flexbox\" data-e-type=\"e-flexbox\" data-interaction-id=\"e672515a\">\n    <div class=\"elementor-element elementor-element-e2d70091 e-con e-atomic-element e-flexbox-base col-third news-card \" data-id=\"e2d70091\" data-element_type=\"e-flexbox\" data-e-type=\"e-flexbox\" data-interaction-id=\"e2d70091\">\n    \t\t\t<h3 data-interaction-id=\"e00ed6e1\" class=\"h3 e-heading-base\">Deutscher Jagdverband e. V. (DJV)<\/h3>\n\t\t\t\t\t<p class=\"body-text e-paragraph-base\" data-interaction-id=\"e95db10a\">Der Deutsche Jagdverband vertritt die Interessen der J\u00e4gerinnen und J\u00e4ger auf Bundesebene und engagiert sich f\u00fcr Wild, Jagd und Natur.<\/p>\n\t\t\t\t\t<a href=\"https:\/\/www.jagdverband.de\/\" target=\"_blank\" class=\"btn-primary e-button-base\" data-interaction-id=\"e86f3801\">\n\t\tZum Deutschen Jagdverband\n\t<\/a>\t\t\n<\/div>\n<div class=\"elementor-element elementor-element-ef2ed9f7 e-con e-atomic-element e-flexbox-base col-third news-card \" data-id=\"ef2ed9f7\" data-element_type=\"e-flexbox\" data-e-type=\"e-flexbox\" data-interaction-id=\"ef2ed9f7\">\n    \t\t\t<h3 data-interaction-id=\"e64b7e61\" class=\"h3 e-heading-base\">Landesjagdverband Nordrhein-Westfalen e. V.<\/h3>\n\t\t\t\t\t<p class=\"body-text e-paragraph-base\" data-interaction-id=\"e6f0dfe7\">Der Landesjagdverband Nordrhein-Westfalen vertritt die Interessen der J\u00e4gerschaft auf Landesebene und setzt sich f\u00fcr Jagd sowie Natur- und Artenschutz ein.<\/p>\n\t\t\t\t\t<a href=\"https:\/\/ljv-nrw.de\/\" target=\"_blank\" class=\"btn-primary e-button-base\" data-interaction-id=\"ee417788\">\n\t\tZum Landesjagdverband NRW\n\t<\/a>\t\t\n<\/div>\n<div class=\"elementor-element elementor-element-ee3eb7f3 e-con e-atomic-element e-flexbox-base col-third news-card \" data-id=\"ee3eb7f3\" data-element_type=\"e-flexbox\" data-e-type=\"e-flexbox\" data-interaction-id=\"ee3eb7f3\">\n    \t\t\t<h3 data-interaction-id=\"ed3048e5\" class=\"h3 e-heading-base\">M\u00e4rkische Kreisj\u00e4gerschaft e. V.<\/h3>\n\t\t\t\t\t<p class=\"body-text e-paragraph-base\" data-interaction-id=\"e2f5462f\">Die M\u00e4rkische Kreisj\u00e4gerschaft verbindet die Hegeringe und die J\u00e4gerschaft im M\u00e4rkischen Kreis und vertritt ihre Belange auf regionaler Ebene.<\/p>\n\t\t\t\t\t<a href=\"https:\/\/maerkischer-kreis.ljv-nrw.de\/\" target=\"_blank\" class=\"btn-primary e-button-base\" data-interaction-id=\"eb1feb31\">\n\t\tZur M\u00e4rkischen Kreisj\u00e4gerschaft\n\t<\/a>\t\t\n<\/div>\n\n<\/div>\n\n<\/div>\n\n<\/div>\n\n<\/div>\n\t\t<\/div>\n\t\t","protected":false},"excerpt":{"rendered":"","protected":false},"author":1,"featured_media":0,"parent":0,"menu_order":0,"comment_status":"closed","ping_status":"closed","template":"","meta":{"footnotes":""},"class_list":["post-522","page","type-page","status-publish","hentry"],"_links":{"self":[{"href":"https:\/\/www.hegering-menden.de\/index.php?rest_route=\/wp\/v2\/pages\/522","targetHints":{"allow":["GET"]}}],"collection":[{"href":"https:\/\/www.hegering-menden.de\/index.php?rest_route=\/wp\/v2\/pages"}],"about":[{"href":"https:\/\/www.hegering-menden.de\/index.php?rest_route=\/wp\/v2\/types\/page"}],"author":[{"embeddable":true,"href":"https:\/\/www.hegering-menden.de\/index.php?rest_route=\/wp\/v2\/users\/1"}],"replies":[{"embeddable":true,"href":"https:\/\/www.hegering-menden.de\/index.php?rest_route=%2Fwp%2Fv2%2Fcomments&post=522"}],"version-history":[{"count":0,"href":"https:\/\/www.hegering-menden.de\/index.php?rest_route=\/wp\/v2\/pages\/522\/revisions"}],"wp:attachment":[{"href":"https:\/\/www.hegering-menden.de\/index.php?rest_route=%2Fwp%2Fv2%2Fmedia&parent=522"}],"curies":[{"name":"wp","href":"https:\/\/api.w.org\/{rel}","templated":true}]}}