{"id":326,"date":"2026-08-10T11:46:02","date_gmt":"2026-08-10T09:46:02","guid":{"rendered":"https:\/\/staging.hegering-menden.de\/?page_id=326"},"modified":"2026-08-10T11:49:05","modified_gmt":"2026-08-10T09:49:05","slug":"aktuelles","status":"publish","type":"page","link":"https:\/\/www.hegering-menden.de\/?page_id=326","title":{"rendered":"Aktuelles"},"content":{"rendered":"\t\t<div data-elementor-type=\"wp-page\" data-elementor-id=\"326\" class=\"elementor elementor-326\">\n\t\t\t\t<div class=\"elementor-element elementor-element-e6dd6564 e-con e-atomic-element e-flexbox-base bg-cream section-py \" data-id=\"e6dd6564\" data-element_type=\"e-flexbox\" data-e-type=\"e-flexbox\" data-interaction-id=\"e6dd6564\">\n    <div class=\"elementor-element elementor-element-e23e26e4 e-con e-atomic-element e-flexbox-base container-1280 stack-sm \" data-id=\"e23e26e4\" data-element_type=\"e-flexbox\" data-e-type=\"e-flexbox\" data-interaction-id=\"e23e26e4\">\n    \t\t\t<p class=\"eyebrow e-paragraph-base\" data-interaction-id=\"efbde8a9\">AKTUELLES<\/p>\n\t\t\t\t\t<h1 data-interaction-id=\"ea1959c2\" class=\"h1 e-heading-base\">Aktuelles aus dem Hegering<\/h1>\n\t\t\t\t\t<p class=\"lead-text max-w-640 e-paragraph-base\" data-interaction-id=\"ef605e5f\">Neuigkeiten, Einladungen, Presseberichte und Informationen aus dem Hegering Menden.<\/p>\n\t\t\n<\/div>\n\n<\/div>\n<div class=\"elementor-element elementor-element-e63d69a8 e-con e-atomic-element e-flexbox-base bg-white section-py \" data-id=\"e63d69a8\" data-element_type=\"e-flexbox\" data-e-type=\"e-flexbox\" data-interaction-id=\"e63d69a8\">\n    <div class=\"elementor-element elementor-element-e79fb7f6 e-con e-atomic-element e-flexbox-base container-1280 \" data-id=\"e79fb7f6\" data-element_type=\"e-flexbox\" data-e-type=\"e-flexbox\" data-interaction-id=\"e79fb7f6\">\n    \t\t<div class=\"elementor-element elementor-element-e2e3d764 elementor-widget elementor-widget-html\" data-id=\"e2e3d764\" data-element_type=\"widget\" data-e-type=\"widget\" data-widget_type=\"html.default\">\n\t\t\t\t\t<div class=\"aktuelles-grid\"><article class=\"aktuelles-card\"><a href=\"https:\/\/www.hegering-menden.de\/?p=337\" class=\"aktuelles-card-image\"><img fetchpriority=\"high\" decoding=\"async\" width=\"800\" height=\"600\" src=\"https:\/\/www.hegering-menden.de\/wp-content\/uploads\/2026\/09\/2026-08-30_Festumzug_750-Jahre-1024x768.jpeg\" class=\"attachment-large size-large wp-post-image\" alt=\"Mitglieder des Hegerings Menden beim Festumzug zum 750-j\u00e4hrigen Stadtjubil\u00e4um\" srcset=\"https:\/\/www.hegering-menden.de\/wp-content\/uploads\/2026\/09\/2026-08-30_Festumzug_750-Jahre-1024x768.jpeg 1024w, https:\/\/www.hegering-menden.de\/wp-content\/uploads\/2026\/09\/2026-08-30_Festumzug_750-Jahre-300x225.jpeg 300w, https:\/\/www.hegering-menden.de\/wp-content\/uploads\/2026\/09\/2026-08-30_Festumzug_750-Jahre-768x576.jpeg 768w, https:\/\/www.hegering-menden.de\/wp-content\/uploads\/2026\/09\/2026-08-30_Festumzug_750-Jahre-1536x1152.jpeg 1536w, https:\/\/www.hegering-menden.de\/wp-content\/uploads\/2026\/09\/2026-08-30_Festumzug_750-Jahre.jpeg 1600w\" sizes=\"(max-width: 800px) 100vw, 800px\" \/><\/a><div class=\"aktuelles-card-body\"><span class=\"aktuelles-card-date\">01.09.2026<\/span><h3 class=\"aktuelles-card-title\"><a href=\"https:\/\/www.hegering-menden.de\/?p=337\">Hegering Menden beim Festumzug zum 750-j\u00e4hrigen Stadtjubil\u00e4um<\/a><\/h3><p class=\"aktuelles-card-excerpt\">Mit rund 40 Teilnehmerinnen und Teilnehmern, einer Kutsche und unseren Jagdhornbl\u00e4sern beteiligte sich der Hegering Menden am Festumzug zum 750-j\u00e4hrigen Stadtjubil\u00e4um.<\/p><a href=\"https:\/\/www.hegering-menden.de\/?p=337\" class=\"aktuelles-card-link\">Weiterlesen<\/a><\/div><\/article><article class=\"aktuelles-card\"><a href=\"https:\/\/www.hegering-menden.de\/?p=336\" class=\"aktuelles-card-image\"><img decoding=\"async\" width=\"800\" height=\"534\" src=\"https:\/\/www.hegering-menden.de\/wp-content\/uploads\/2026\/08\/aktuelles-hundewesen-1024x683.jpg\" class=\"attachment-large size-large wp-post-image\" alt=\"Jagdhund bei der Arbeit im Revier\" srcset=\"https:\/\/www.hegering-menden.de\/wp-content\/uploads\/2026\/08\/aktuelles-hundewesen-1024x683.jpg 1024w, https:\/\/www.hegering-menden.de\/wp-content\/uploads\/2026\/08\/aktuelles-hundewesen-300x200.jpg 300w, https:\/\/www.hegering-menden.de\/wp-content\/uploads\/2026\/08\/aktuelles-hundewesen-768x512.jpg 768w, https:\/\/www.hegering-menden.de\/wp-content\/uploads\/2026\/08\/aktuelles-hundewesen-1536x1024.jpg 1536w, https:\/\/www.hegering-menden.de\/wp-content\/uploads\/2026\/08\/aktuelles-hundewesen-2048x1365.jpg 2048w\" sizes=\"(max-width: 800px) 100vw, 800px\" \/><\/a><div class=\"aktuelles-card-body\"><span class=\"aktuelles-card-date\">10.08.2026<\/span><h3 class=\"aktuelles-card-title\"><a href=\"https:\/\/www.hegering-menden.de\/?p=336\">Nachfolger f\u00fcr das Hundewesen gesucht<\/a><\/h3><p class=\"aktuelles-card-excerpt\">Der Hegering Menden sucht einen Nachfolger f\u00fcr das Amt des Obmanns f\u00fcr das Hundewesen. Die Arbeit mit brauchbaren Jagdhunden ist ein wichtiger Bestandteil verantwortungsvoller Jagdaus\u00fcbung. Der\u2026<\/p><a href=\"https:\/\/www.hegering-menden.de\/?p=336\" class=\"aktuelles-card-link\">Weiterlesen<\/a><\/div><\/article><article class=\"aktuelles-card\"><a href=\"https:\/\/www.hegering-menden.de\/?p=335\" class=\"aktuelles-card-image\"><img decoding=\"async\" width=\"800\" height=\"600\" src=\"https:\/\/www.hegering-menden.de\/wp-content\/uploads\/2026\/08\/aktuelles-kitzrettung-1024x768.jpeg\" class=\"attachment-large size-large wp-post-image\" alt=\"Drohne bei der Kitzrettung \u00fcber einer Wiese\" srcset=\"https:\/\/www.hegering-menden.de\/wp-content\/uploads\/2026\/08\/aktuelles-kitzrettung-1024x768.jpeg 1024w, https:\/\/www.hegering-menden.de\/wp-content\/uploads\/2026\/08\/aktuelles-kitzrettung-300x225.jpeg 300w, https:\/\/www.hegering-menden.de\/wp-content\/uploads\/2026\/08\/aktuelles-kitzrettung-768x576.jpeg 768w, https:\/\/www.hegering-menden.de\/wp-content\/uploads\/2026\/08\/aktuelles-kitzrettung-1536x1152.jpeg 1536w, https:\/\/www.hegering-menden.de\/wp-content\/uploads\/2026\/08\/aktuelles-kitzrettung.jpeg 2000w\" sizes=\"(max-width: 800px) 100vw, 800px\" \/><\/a><div class=\"aktuelles-card-body\"><span class=\"aktuelles-card-date\">10.08.2026<\/span><h3 class=\"aktuelles-card-title\"><a href=\"https:\/\/www.hegering-menden.de\/?p=335\">Wenn die meisten Menschen noch schlafen: Kitzrettung beim Hegering Menden<\/a><\/h3><p class=\"aktuelles-card-excerpt\">Wenn in den fr\u00fchen Morgenstunden die meisten Menschen noch schlafen, beginnt f\u00fcr das Drohnenteam des Hegerings Menden die Arbeit. Vor der Mahd suchen die Helfer landwirtschaftliche\u2026<\/p><a href=\"https:\/\/www.hegering-menden.de\/?p=335\" class=\"aktuelles-card-link\">Weiterlesen<\/a><\/div><\/article><article class=\"aktuelles-card\"><a href=\"https:\/\/www.hegering-menden.de\/?p=334\" class=\"aktuelles-card-image\"><img loading=\"lazy\" decoding=\"async\" width=\"800\" height=\"536\" src=\"https:\/\/www.hegering-menden.de\/wp-content\/uploads\/2026\/08\/aktuelles-jungjaeger-1024x686.jpg\" class=\"attachment-large size-large wp-post-image\" alt=\"Schie\u00dfausbildung im Rahmen des Jungj\u00e4gerkurses\" srcset=\"https:\/\/www.hegering-menden.de\/wp-content\/uploads\/2026\/08\/aktuelles-jungjaeger-1024x686.jpg 1024w, https:\/\/www.hegering-menden.de\/wp-content\/uploads\/2026\/08\/aktuelles-jungjaeger-300x201.jpg 300w, https:\/\/www.hegering-menden.de\/wp-content\/uploads\/2026\/08\/aktuelles-jungjaeger-768x515.jpg 768w, https:\/\/www.hegering-menden.de\/wp-content\/uploads\/2026\/08\/aktuelles-jungjaeger-1536x1030.jpg 1536w, https:\/\/www.hegering-menden.de\/wp-content\/uploads\/2026\/08\/aktuelles-jungjaeger.jpg 1920w\" sizes=\"(max-width: 800px) 100vw, 800px\" \/><\/a><div class=\"aktuelles-card-body\"><span class=\"aktuelles-card-date\">10.08.2026<\/span><h3 class=\"aktuelles-card-title\"><a href=\"https:\/\/www.hegering-menden.de\/?p=334\">Mehr als der Jagdschein: Jungj\u00e4gerkurs des Hegerings Menden erfolgreich abgeschlossen<\/a><\/h3><p class=\"aktuelles-card-excerpt\">Der Jungj\u00e4gerkurs des Hegerings Menden ist erfolgreich zu Ende gegangen. Sechs Teilnehmerinnen und Teilnehmer haben die anspruchsvolle J\u00e4gerpr\u00fcfung bestanden und damit einen wichtigen Schritt auf ihrem\u2026<\/p><a href=\"https:\/\/www.hegering-menden.de\/?p=334\" class=\"aktuelles-card-link\">Weiterlesen<\/a><\/div><\/article><\/div>\t\t\t\t<\/div>\n\t\t\n<\/div>\n\n<\/div>\n\t\t<\/div>\n\t\t","protected":false},"excerpt":{"rendered":"<p>AKTUELLES Aktuelles aus dem Hegering Neuigkeiten, Einladungen, Presseberichte und Informationen aus dem Hegering Menden. Aktuell sind noch keine Beitr\u00e4ge ver\u00f6ffentlicht.<\/p>\n","protected":false},"author":1,"featured_media":0,"parent":0,"menu_order":0,"comment_status":"closed","ping_status":"closed","template":"","meta":{"footnotes":""},"class_list":["post-326","page","type-page","status-publish","hentry"],"_links":{"self":[{"href":"https:\/\/www.hegering-menden.de\/index.php?rest_route=\/wp\/v2\/pages\/326","targetHints":{"allow":["GET"]}}],"collection":[{"href":"https:\/\/www.hegering-menden.de\/index.php?rest_route=\/wp\/v2\/pages"}],"about":[{"href":"https:\/\/www.hegering-menden.de\/index.php?rest_route=\/wp\/v2\/types\/page"}],"author":[{"embeddable":true,"href":"https:\/\/www.hegering-menden.de\/index.php?rest_route=\/wp\/v2\/users\/1"}],"replies":[{"embeddable":true,"href":"https:\/\/www.hegering-menden.de\/index.php?rest_route=%2Fwp%2Fv2%2Fcomments&post=326"}],"version-history":[{"count":1,"href":"https:\/\/www.hegering-menden.de\/index.php?rest_route=\/wp\/v2\/pages\/326\/revisions"}],"predecessor-version":[{"id":327,"href":"https:\/\/www.hegering-menden.de\/index.php?rest_route=\/wp\/v2\/pages\/326\/revisions\/327"}],"wp:attachment":[{"href":"https:\/\/www.hegering-menden.de\/index.php?rest_route=%2Fwp%2Fv2%2Fmedia&parent=326"}],"curies":[{"name":"wp","href":"https:\/\/api.w.org\/{rel}","templated":true}]}}