{"id":301,"date":"2026-08-10T11:10:19","date_gmt":"2026-08-10T09:10:19","guid":{"rendered":"https:\/\/staging.hegering-menden.de\/?page_id=301"},"modified":"2026-08-10T11:26:28","modified_gmt":"2026-08-10T09:26:28","slug":"termine","status":"publish","type":"page","link":"https:\/\/www.hegering-menden.de\/?page_id=301","title":{"rendered":"Termine"},"content":{"rendered":"\t\t<div data-elementor-type=\"wp-page\" data-elementor-id=\"301\" class=\"elementor elementor-301\">\n\t\t\t\t<div class=\"elementor-element elementor-element-e2599f13 e-con e-atomic-element e-flexbox-base bg-cream section-py \" data-id=\"e2599f13\" data-element_type=\"e-flexbox\" data-e-type=\"e-flexbox\" data-interaction-id=\"e2599f13\">\n    <div class=\"elementor-element elementor-element-e19c4c72 e-con e-atomic-element e-flexbox-base container-1280 stack-sm \" data-id=\"e19c4c72\" data-element_type=\"e-flexbox\" data-e-type=\"e-flexbox\" data-interaction-id=\"e19c4c72\">\n    \t\t\t<p class=\"eyebrow e-paragraph-base\" data-interaction-id=\"e1886543\">TERMINE<\/p>\n\t\t\t\t\t<h1 data-interaction-id=\"e99e6d2e\" class=\"h1 e-heading-base\">Termine &amp; Jagdzeiten<\/h1>\n\t\t\t\t\t<p class=\"lead-text max-w-640 e-paragraph-base\" data-interaction-id=\"e6614389\">Veranstaltungen des Hegerings, Termine am Schie\u00dfstand und wichtige jagdliche Daten auf einen Blick.<\/p>\n\t\t\n<\/div>\n\n<\/div>\n<div class=\"elementor-element elementor-element-e5bce7df e-con e-atomic-element e-flexbox-base bg-white section-py \" data-id=\"e5bce7df\" data-element_type=\"e-flexbox\" data-e-type=\"e-flexbox\" data-interaction-id=\"e5bce7df\">\n    <div class=\"elementor-element elementor-element-edb77e81 e-con e-atomic-element e-flexbox-base container-1280 max-w-1120 stack-sm \" data-id=\"edb77e81\" data-element_type=\"e-flexbox\" data-e-type=\"e-flexbox\" data-interaction-id=\"edb77e81\">\n    \t\t<div class=\"elementor-element elementor-element-e833a9b0 elementor-widget elementor-widget-html\" data-id=\"e833a9b0\" data-element_type=\"widget\" data-e-type=\"widget\" data-widget_type=\"html.default\">\n\t\t\t\t\t<div class=\"termine-list\"><div class=\"termine-row\"><div class=\"termine-date\"><span class=\"termine-date-day\">10<\/span><span class=\"termine-date-month\">Sep. 2026<\/span><\/div><div class=\"termine-content\"><span class=\"termine-type-label\">HEGERING<\/span><h3 class=\"termine-title\">Anmeldung Jungj\u00e4gerkurs<\/h3><p class=\"termine-meta\">Schie\u00dfstand Hexenteich \u00b7 19:00 Uhr<\/p><p class=\"termine-desc\">Gemeinsamer Anmeldetermin f\u00fcr den Jungj\u00e4gerkurs.<\/p><\/div><\/div><div class=\"termine-row\"><div class=\"termine-date\"><span class=\"termine-date-day\">14<\/span><span class=\"termine-date-month\">Sep. 2026<\/span><\/div><div class=\"termine-content\"><span class=\"termine-type-label\">HEGERING<\/span><h3 class=\"termine-title\">Start Jungj\u00e4gerkurs 2026\/27<\/h3><p class=\"termine-desc\">Beginn des neuen Vorbereitungskurses auf die J\u00e4gerpr\u00fcfung.<\/p><\/div><\/div><div class=\"termine-row\"><div class=\"termine-date\"><span class=\"termine-date-day\">16<\/span><span class=\"termine-date-month\">Sep. 2026<\/span><\/div><div class=\"termine-content\"><span class=\"termine-type-label\">JAGDZEIT<\/span><h3 class=\"termine-title\">Beginn der Jagdzeit auf Stockenten<\/h3><p class=\"termine-desc\">Ab dem 16. September beginnt in NRW die regul\u00e4re Jagdzeit auf Stockenten.<\/p><\/div><\/div><div class=\"termine-row\"><div class=\"termine-date\"><span class=\"termine-date-day\">16<\/span><span class=\"termine-date-month\">Okt. 2026<\/span><\/div><div class=\"termine-content\"><span class=\"termine-type-label\">JAGDZEIT<\/span><h3 class=\"termine-title\">Beginn weiterer Herbstjagdzeiten<\/h3><p class=\"termine-desc\">Beginn der Jagdzeit auf Fasan, Feldhase, Wildkaninchen, Steinmarder, Iltis, Mink und Waldschnepfe.<\/p><\/div><\/div><div class=\"termine-row\"><div class=\"termine-date\"><span class=\"termine-date-day\">16<\/span><span class=\"termine-date-month\">Okt. 2026<\/span><\/div><div class=\"termine-content\"><span class=\"termine-type-label\">HEGERING<\/span><h3 class=\"termine-title\">Schie\u00dfen nach Termin<\/h3><p class=\"termine-meta\">Schie\u00dfstand Hexenteich<\/p><p class=\"termine-desc\">Termin des Hegerings am Schie\u00dfstand Hexenteich. Weitere Informationen zur Teilnahme werden bekanntgegeben.<\/p><\/div><\/div><div class=\"termine-row\"><div class=\"termine-date\"><span class=\"termine-date-day\">01<\/span><span class=\"termine-date-month\">Nov. 2026<\/span><\/div><div class=\"termine-content\"><span class=\"termine-type-label\">JAGDZEIT<\/span><h3 class=\"termine-title\">Beginn der Jagdzeit<\/h3><p class=\"termine-desc\">Beginn der Jagdzeit auf Ringeltaube und H\u00f6ckerschwan.<\/p><\/div><\/div><div class=\"termine-row\"><div class=\"termine-date\"><span class=\"termine-date-day\">31<\/span><span class=\"termine-date-month\">Dez. 2026<\/span><\/div><div class=\"termine-content\"><span class=\"termine-type-label\">JAGDZEIT<\/span><h3 class=\"termine-title\">Ende der Jagdzeit<\/h3><p class=\"termine-desc\">Ende der regul\u00e4ren Jagdzeit auf Dachs und Feldhase.<\/p><\/div><\/div><div class=\"termine-row\"><div class=\"termine-date\"><span class=\"termine-date-day\">15<\/span><span class=\"termine-date-month\">Jan. 2027<\/span><\/div><div class=\"termine-content\"><span class=\"termine-type-label\">JAGDZEIT<\/span><h3 class=\"termine-title\">Ende der Jagdzeit<\/h3><p class=\"termine-desc\">Ende der Jagdzeit auf Fasan, Stockente und Waldschnepfe.<\/p><\/div><\/div><div class=\"termine-row\"><div class=\"termine-date\"><span class=\"termine-date-day\">31<\/span><span class=\"termine-date-month\">Jan. 2027<\/span><\/div><div class=\"termine-content\"><span class=\"termine-type-label\">JAGDZEIT<\/span><h3 class=\"termine-title\">Ende zahlreicher Schalenwild- und G\u00e4nsejagdzeiten<\/h3><p class=\"termine-desc\">Ende der regul\u00e4ren Jagdzeit auf Rotwild, Damwild, Sikawild, Muffelwild, Rehwild sowie Grau-, Kanada- und adulte Nilg\u00e4nse. Schwarzwild ist hiervon nicht umfasst; die ganzj\u00e4hrige Bejagung ist aktuell bis zum 31. Januar 2028 zugelassen.<\/p><\/div><\/div><div class=\"termine-row\"><div class=\"termine-date\"><span class=\"termine-date-day\">20<\/span><span class=\"termine-date-month\">Feb. 2027<\/span><\/div><div class=\"termine-content\"><span class=\"termine-type-label\">JAGDZEIT<\/span><h3 class=\"termine-title\">Ende der Jagdzeit<\/h3><p class=\"termine-desc\">Ende der Jagdzeit auf Ringeltaube und H\u00f6ckerschwan.<\/p><\/div><\/div><div class=\"termine-row\"><div class=\"termine-date\"><span class=\"termine-date-day\">28<\/span><span class=\"termine-date-month\">Feb. 2027<\/span><\/div><div class=\"termine-content\"><span class=\"termine-type-label\">JAGDZEIT<\/span><h3 class=\"termine-title\">Ende mehrerer Jagdzeiten<\/h3><p class=\"termine-desc\">Ende der regul\u00e4ren Jagdzeit auf Fuchs, Wildkaninchen, Steinmarder, Iltis, Hermelin, Mink, Waschb\u00e4r, Marderhund und Elster. Die jeweiligen ganzj\u00e4hrig bejagbaren Jungtiere sind hiervon nicht betroffen.<\/p><\/div><\/div><div class=\"termine-row\"><div class=\"termine-date\"><span class=\"termine-date-day\">10<\/span><span class=\"termine-date-month\">M\u00e4rz 2027<\/span><\/div><div class=\"termine-content\"><span class=\"termine-type-label\">JAGDZEIT<\/span><h3 class=\"termine-title\">Ende der Jagdzeit auf Rabenkr\u00e4hen<\/h3><p class=\"termine-desc\">Am 10. M\u00e4rz endet die regul\u00e4re Jagdzeit auf Rabenkr\u00e4hen.<\/p><\/div><\/div><div class=\"termine-row\"><div class=\"termine-date\"><span class=\"termine-date-day\">16<\/span><span class=\"termine-date-month\">M\u00e4rz 2027<\/span><\/div><div class=\"termine-content\"><span class=\"termine-type-label\">JAGDZEIT<\/span><h3 class=\"termine-title\">Beginn der Jagdzeit auf Wildtruth\u00e4hne<\/h3><p class=\"termine-desc\">Beginn der Jagdzeit auf Wildtruth\u00e4hne; die Jagdzeit l\u00e4uft bis zum 30. April.<\/p><\/div><\/div><div class=\"termine-row\"><div class=\"termine-date\"><span class=\"termine-date-day\">31<\/span><span class=\"termine-date-month\">M\u00e4rz 2027<\/span><\/div><div class=\"termine-content\"><span class=\"termine-type-label\">JAGDZEIT<\/span><h3 class=\"termine-title\">Ende des Jagdjahres 2026\/27<\/h3><p class=\"termine-desc\">Das Jagdjahr 2026\/27 endet. Am folgenden Tag beginnt das neue Jagdjahr 2027\/28.<\/p><\/div><\/div><\/div>\t\t\t\t<\/div>\n\t\t\t\t\t<p class=\"meta-small e-paragraph-base\" data-interaction-id=\"ea61af00\">Hinweis zu Jagdzeiten: Angaben zu Jagdzeiten ohne Gew\u00e4hr. Ma\u00dfgeblich sind die jeweils geltenden gesetzlichen Bestimmungen und beh\u00f6rdlichen Regelungen.<\/p>\n\t\t\n<\/div>\n\n<\/div>\n\t\t<\/div>\n\t\t","protected":false},"excerpt":{"rendered":"<p>TERMINE Termine &amp; Jagdzeiten Veranstaltungen des Hegerings, Termine am Schie\u00dfstand und wichtige jagdliche Daten auf einen Blick. Aktuell sind keine kommenden Termine eingetragen. Hinweis zu Jagdzeiten: Angaben zu Jagdzeiten ohne Gew\u00e4hr. Ma\u00dfgeblich sind die jeweils geltenden gesetzlichen Bestimmungen und beh\u00f6rdlichen Regelungen.<\/p>\n","protected":false},"author":1,"featured_media":0,"parent":0,"menu_order":0,"comment_status":"closed","ping_status":"closed","template":"","meta":{"footnotes":""},"class_list":["post-301","page","type-page","status-publish","hentry"],"_links":{"self":[{"href":"https:\/\/www.hegering-menden.de\/index.php?rest_route=\/wp\/v2\/pages\/301","targetHints":{"allow":["GET"]}}],"collection":[{"href":"https:\/\/www.hegering-menden.de\/index.php?rest_route=\/wp\/v2\/pages"}],"about":[{"href":"https:\/\/www.hegering-menden.de\/index.php?rest_route=\/wp\/v2\/types\/page"}],"author":[{"embeddable":true,"href":"https:\/\/www.hegering-menden.de\/index.php?rest_route=\/wp\/v2\/users\/1"}],"replies":[{"embeddable":true,"href":"https:\/\/www.hegering-menden.de\/index.php?rest_route=%2Fwp%2Fv2%2Fcomments&post=301"}],"version-history":[{"count":1,"href":"https:\/\/www.hegering-menden.de\/index.php?rest_route=\/wp\/v2\/pages\/301\/revisions"}],"predecessor-version":[{"id":302,"href":"https:\/\/www.hegering-menden.de\/index.php?rest_route=\/wp\/v2\/pages\/301\/revisions\/302"}],"wp:attachment":[{"href":"https:\/\/www.hegering-menden.de\/index.php?rest_route=%2Fwp%2Fv2%2Fmedia&parent=301"}],"curies":[{"name":"wp","href":"https:\/\/api.w.org\/{rel}","templated":true}]}}