{"id":288,"date":"2026-08-09T21:34:09","date_gmt":"2026-08-09T19:34:09","guid":{"rendered":"https:\/\/staging.hegering-menden.de\/?page_id=288"},"modified":"2026-08-09T21:34:09","modified_gmt":"2026-08-09T19:34:09","slug":"impressum","status":"publish","type":"page","link":"https:\/\/www.hegering-menden.de\/?page_id=288","title":{"rendered":"Impressum"},"content":{"rendered":"\t\t<div data-elementor-type=\"wp-page\" data-elementor-id=\"288\" class=\"elementor elementor-288\">\n\t\t\t\t<div class=\"elementor-element elementor-element-e347267c e-con e-atomic-element e-flexbox-base bg-cream section-py \" data-id=\"e347267c\" data-element_type=\"e-flexbox\" data-e-type=\"e-flexbox\" data-interaction-id=\"e347267c\">\n    <div class=\"elementor-element elementor-element-e7d95559 e-con e-atomic-element e-flexbox-base container-1280 stack-sm \" data-id=\"e7d95559\" data-element_type=\"e-flexbox\" data-e-type=\"e-flexbox\" data-interaction-id=\"e7d95559\">\n    \t\t\t<p class=\"eyebrow e-paragraph-base\" data-interaction-id=\"e1eb0323\">RECHTLICHES<\/p>\n\t\t\t\t\t<h1 data-interaction-id=\"e63fd61f\" class=\"h1 e-heading-base\">Impressum<\/h1>\n\t\t\n<\/div>\n\n<\/div>\n<div class=\"elementor-element elementor-element-e41b8837 e-con e-atomic-element e-flexbox-base bg-white section-py \" data-id=\"e41b8837\" data-element_type=\"e-flexbox\" data-e-type=\"e-flexbox\" data-interaction-id=\"e41b8837\">\n    <div class=\"elementor-element elementor-element-ee67b068 e-con e-atomic-element e-flexbox-base container-1280 max-w-1120 stack-lg \" data-id=\"ee67b068\" data-element_type=\"e-flexbox\" data-e-type=\"e-flexbox\" data-interaction-id=\"ee67b068\">\n    <div class=\"elementor-element elementor-element-e20dfa13 e-con e-atomic-element e-flexbox-base stack-sm \" data-id=\"e20dfa13\" data-element_type=\"e-flexbox\" data-e-type=\"e-flexbox\" data-interaction-id=\"e20dfa13\">\n    \t\t\t<h2 data-interaction-id=\"e9be61fb\" class=\"h2-compact e-heading-base\">Angaben gem\u00e4\u00df \u00a7 5 DDG<\/h2>\n\t\t\t\t\t<p class=\"body-text e-paragraph-base\" data-interaction-id=\"e63b6c78\">Hegering Menden \u2013 Schie\u00dfstand Hexenteich e.V.<\/p>\n\t\t\t\t\t<p class=\"body-text e-paragraph-base\" data-interaction-id=\"ec4c5744\">Hennenbusch 1<\/p>\n\t\t\t\t\t<p class=\"body-text e-paragraph-base\" data-interaction-id=\"e8a5bd16\">58708 Menden<\/p>\n\t\t\t\t\t<p class=\"body-text e-paragraph-base\" data-interaction-id=\"e0dbd3fb\">Telefon: 02373 \/ 966-225<\/p>\n\t\t\t\t\t<span class=\"body-text e-paragraph-base\" data-interaction-id=\"e0f4e8d4\"><a href=\"mailto:info@hegering-menden.de\" target=\"_self\" class=\"e-paragraph-link-base\">\n\t\tE-Mail: info@hegering-menden.de\n\t<\/a><\/span>\n\t\t\n<\/div>\n<div class=\"elementor-element elementor-element-ebf1e49b e-con e-atomic-element e-flexbox-base stack-sm \" data-id=\"ebf1e49b\" data-element_type=\"e-flexbox\" data-e-type=\"e-flexbox\" data-interaction-id=\"ebf1e49b\">\n    \t\t\t<h2 data-interaction-id=\"ee825d91\" class=\"h2-compact e-heading-base\">Vereinsregister<\/h2>\n\t\t\t\t\t<p class=\"body-text e-paragraph-base\" data-interaction-id=\"e611394c\">Eingetragen im Vereinsregister des Amtsgerichts Arnsberg.<\/p>\n\t\t\t\t\t<p class=\"body-text e-paragraph-base\" data-interaction-id=\"e1b2e197\">Registernummer: VR 40584<\/p>\n\t\t\n<\/div>\n<div class=\"elementor-element elementor-element-e0c71539 e-con e-atomic-element e-flexbox-base stack-sm \" data-id=\"e0c71539\" data-element_type=\"e-flexbox\" data-e-type=\"e-flexbox\" data-interaction-id=\"e0c71539\">\n    \t\t\t<h2 data-interaction-id=\"ec97b1d0\" class=\"h2-compact e-heading-base\">Vertretungsberechtigter Vorstand gem\u00e4\u00df \u00a7 26 BGB<\/h2>\n\t\t\t\t\t<p class=\"body-text e-paragraph-base\" data-interaction-id=\"e76037a5\">Philipp Nikodem \u2013 Vorsitzender \/ Hegeringleiter<\/p>\n\t\t\t\t\t<p class=\"body-text e-paragraph-base\" data-interaction-id=\"ec711f60\">Ralf Kaufmann \u2013 1. Stellvertreter<\/p>\n\t\t\t\t\t<p class=\"body-text e-paragraph-base\" data-interaction-id=\"e437da0f\">Hubert Ostermann \u2013 2. Stellvertreter<\/p>\n\t\t\t\t\t<p class=\"body-text e-paragraph-base\" data-interaction-id=\"e309b083\">Felix Luig \u2013 Schie\u00dfstandleiter<\/p>\n\t\t\t\t\t<p class=\"body-text e-paragraph-base\" data-interaction-id=\"e274969b\">Heinrich Gantenbrink \u2013 Schriftf\u00fchrer<\/p>\n\t\t\t\t\t<p class=\"body-text e-paragraph-base\" data-interaction-id=\"efca342e\">Hubertus Luig \u2013 Schatzmeister<\/p>\n\t\t\t\t\t<p class=\"body-text e-paragraph-base\" data-interaction-id=\"e551f2cd\">Der Vorstandsvorsitzende ist einzelvertretungsberechtigt. Die \u00fcbrigen Vorstandsmitglieder sind jeweils gemeinsam mit einem weiteren Vorstandsmitglied vertretungsberechtigt.<\/p>\n\t\t\n<\/div>\n<div class=\"elementor-element elementor-element-e95815c3 e-con e-atomic-element e-flexbox-base stack-sm \" data-id=\"e95815c3\" data-element_type=\"e-flexbox\" data-e-type=\"e-flexbox\" data-interaction-id=\"e95815c3\">\n    \t\t\t<h2 data-interaction-id=\"e8cbd287\" class=\"h2-compact e-heading-base\">Verantwortlich f\u00fcr journalistisch-redaktionelle Inhalte gem\u00e4\u00df \u00a7 18 Abs. 2 MStV<\/h2>\n\t\t\t\t\t<p class=\"body-text e-paragraph-base\" data-interaction-id=\"ea89c882\">Philipp Nikodem<\/p>\n\t\t\t\t\t<p class=\"body-text e-paragraph-base\" data-interaction-id=\"ea87fa1a\">Hegering Menden \u2013 Schie\u00dfstand Hexenteich e.V.<\/p>\n\t\t\t\t\t<p class=\"body-text e-paragraph-base\" data-interaction-id=\"e11c8725\">Hennenbusch 1<\/p>\n\t\t\t\t\t<p class=\"body-text e-paragraph-base\" data-interaction-id=\"e8f3771b\">58708 Menden<\/p>\n\t\t\t\t\t<span class=\"body-text e-paragraph-base\" data-interaction-id=\"e9e632d7\"><a href=\"mailto:info@hegering-menden.de\" target=\"_self\" class=\"e-paragraph-link-base\">\n\t\tE-Mail: info@hegering-menden.de\n\t<\/a><\/span>\n\t\t\n<\/div>\n<div class=\"elementor-element elementor-element-e4751c94 e-con e-atomic-element e-flexbox-base stack-sm \" data-id=\"e4751c94\" data-element_type=\"e-flexbox\" data-e-type=\"e-flexbox\" data-interaction-id=\"e4751c94\">\n    \t\t\t<h2 data-interaction-id=\"ef556dcd\" class=\"h2-compact e-heading-base\">Verbraucherstreitbeilegung<\/h2>\n\t\t\t\t\t<p class=\"body-text e-paragraph-base\" data-interaction-id=\"eba242ca\">Wir sind nicht bereit oder verpflichtet, an Streitbeilegungsverfahren vor einer Verbraucherschlichtungsstelle teilzunehmen.<\/p>\n\t\t\n<\/div>\n\n<\/div>\n\n<\/div>\n\t\t<\/div>\n\t\t","protected":false},"excerpt":{"rendered":"<p>RECHTLICHES Impressum Angaben gem\u00e4\u00df \u00a7 5 DDG Hegering Menden \u2013 Schie\u00dfstand Hexenteich e.V. Hennenbusch 1 58708 Menden Telefon: 02373 \/ 966-225 E-Mail: info@hegering-menden.de Vereinsregister Eingetragen im Vereinsregister des Amtsgerichts Arnsberg. Registernummer: VR 40584 Vertretungsberechtigter Vorstand gem\u00e4\u00df \u00a7 26 BGB Philipp Nikodem \u2013 Vorsitzender \/ Hegeringleiter Ralf Kaufmann \u2013 1. Stellvertreter Hubert Ostermann \u2013 2. Stellvertreter [&hellip;]<\/p>\n","protected":false},"author":1,"featured_media":0,"parent":0,"menu_order":0,"comment_status":"closed","ping_status":"closed","template":"","meta":{"footnotes":""},"class_list":["post-288","page","type-page","status-publish","hentry"],"_links":{"self":[{"href":"https:\/\/www.hegering-menden.de\/index.php?rest_route=\/wp\/v2\/pages\/288","targetHints":{"allow":["GET"]}}],"collection":[{"href":"https:\/\/www.hegering-menden.de\/index.php?rest_route=\/wp\/v2\/pages"}],"about":[{"href":"https:\/\/www.hegering-menden.de\/index.php?rest_route=\/wp\/v2\/types\/page"}],"author":[{"embeddable":true,"href":"https:\/\/www.hegering-menden.de\/index.php?rest_route=\/wp\/v2\/users\/1"}],"replies":[{"embeddable":true,"href":"https:\/\/www.hegering-menden.de\/index.php?rest_route=%2Fwp%2Fv2%2Fcomments&post=288"}],"version-history":[{"count":2,"href":"https:\/\/www.hegering-menden.de\/index.php?rest_route=\/wp\/v2\/pages\/288\/revisions"}],"predecessor-version":[{"id":292,"href":"https:\/\/www.hegering-menden.de\/index.php?rest_route=\/wp\/v2\/pages\/288\/revisions\/292"}],"wp:attachment":[{"href":"https:\/\/www.hegering-menden.de\/index.php?rest_route=%2Fwp%2Fv2%2Fmedia&parent=288"}],"curies":[{"name":"wp","href":"https:\/\/api.w.org\/{rel}","templated":true}]}}