{"id":248,"date":"2026-08-09T19:07:48","date_gmt":"2026-08-09T17:07:48","guid":{"rendered":"https:\/\/staging.hegering-menden.de\/?page_id=248"},"modified":"2026-08-25T21:31:01","modified_gmt":"2026-08-25T19:31:01","slug":"biotopschutz","status":"publish","type":"page","link":"https:\/\/www.hegering-menden.de\/?page_id=248","title":{"rendered":"Biotopschutz"},"content":{"rendered":"\t\t<div data-elementor-type=\"wp-page\" data-elementor-id=\"248\" class=\"elementor elementor-248\">\n\t\t\t\t<div class=\"elementor-element elementor-element-ec72051b e-con e-atomic-element e-flexbox-base bg-cream section-py \" data-id=\"ec72051b\" data-element_type=\"e-flexbox\" data-e-type=\"e-flexbox\" data-interaction-id=\"ec72051b\">\n    <div class=\"elementor-element elementor-element-eeb594cb e-con e-atomic-element e-flexbox-base container-1280 stack-lg \" data-id=\"eeb594cb\" data-element_type=\"e-flexbox\" data-e-type=\"e-flexbox\" data-interaction-id=\"eeb594cb\">\n    <div class=\"elementor-element elementor-element-ecbdf4a9 e-con e-atomic-element e-flexbox-base g-intro-grid \" data-id=\"ecbdf4a9\" data-element_type=\"e-flexbox\" data-e-type=\"e-flexbox\" data-interaction-id=\"ecbdf4a9\">\n    <div class=\"elementor-element elementor-element-e80f0770 e-con e-atomic-element e-flexbox-base stack-sm \" data-id=\"e80f0770\" data-element_type=\"e-flexbox\" data-e-type=\"e-flexbox\" data-interaction-id=\"e80f0770\">\n    \t\t\t<p class=\"eyebrow e-paragraph-base\" data-interaction-id=\"e581600f\">DER HEGERING<\/p>\n\t\t\t\t\t<h1 data-interaction-id=\"ee7a0c4e\" class=\"h1 e-heading-base\">Biotopschutz<\/h1>\n\t\t\t\t\t<p class=\"body-text e-paragraph-base\" data-interaction-id=\"e767426c\">Der Biotopschutz geh\u00f6rt seit 1984 zu den festen Aufgaben des Hegerings Menden. Mit Pflanzungen, Pflegema\u00dfnahmen und Nisthilfen schaffen und erhalten wir wertvolle Lebensr\u00e4ume f\u00fcr heimisches Wild, V\u00f6gel, Insekten und Pflanzen. Dabei kommt es vor allem auf gemeinsames und langfristiges Engagement an.<\/p>\n\t\t\n<\/div>\n<div class=\"elementor-element elementor-element-e0dab8c4 e-con e-atomic-element e-flexbox-base \" data-id=\"e0dab8c4\" data-element_type=\"e-flexbox\" data-e-type=\"e-flexbox\" data-interaction-id=\"e0dab8c4\">\n    \t\t\t<img fetchpriority=\"high\" decoding=\"async\" class=\"e-image-base img-natural\" data-interaction-id=\"ef0d4d5d\" id=\"505\" src=\"https:\/\/www.hegering-menden.de\/wp-content\/uploads\/2026\/08\/03_luerbker_obstallee_beschilderung-1024x768.jpg\" width=\"800\" height=\"600\" srcset=\"https:\/\/www.hegering-menden.de\/wp-content\/uploads\/2026\/08\/03_luerbker_obstallee_beschilderung-1024x768.jpg 1024w, https:\/\/www.hegering-menden.de\/wp-content\/uploads\/2026\/08\/03_luerbker_obstallee_beschilderung-300x225.jpg 300w, https:\/\/www.hegering-menden.de\/wp-content\/uploads\/2026\/08\/03_luerbker_obstallee_beschilderung-768x576.jpg 768w, https:\/\/www.hegering-menden.de\/wp-content\/uploads\/2026\/08\/03_luerbker_obstallee_beschilderung.jpg 1492w\" alt=\"Beschilderung der L\u00fcrbker Obstallee des Hegerings Menden\"\/>\t\t\n<\/div>\n\n<\/div>\n<div class=\"elementor-element elementor-element-ee10dd8e e-con e-atomic-element e-flexbox-base stack-sm \" data-id=\"ee10dd8e\" data-element_type=\"e-flexbox\" data-e-type=\"e-flexbox\" data-interaction-id=\"ee10dd8e\">\n    \t\t\t<h2 data-interaction-id=\"ea3f12ee\" class=\"h2-compact e-heading-base\">Lebensr\u00e4ume erhalten und entwickeln<\/h2>\n\t\t\t\t\t<p class=\"body-text e-paragraph-base\" data-interaction-id=\"e207b187\">Ein fr\u00fches bedeutendes Projekt war die 1991 angelegte Streuobstwiese in B\u00f6ingsen. Sie wurde aus dem Biotopschutzfonds der M\u00e4rkischen Jagdkreisgruppe sowie mit Mitteln der Veltins-Stiftung finanziert. Bis heute stehen solche Projekte beispielhaft f\u00fcr den Anspruch des Hegerings, die heimische Kulturlandschaft aktiv zu erhalten und \u00f6kologisch aufzuwerten.<\/p>\n\t\t\n<\/div>\n\n<\/div>\n\n<\/div>\n<div class=\"elementor-element elementor-element-e2625d20 e-con e-atomic-element e-flexbox-base bg-white section-py \" data-id=\"e2625d20\" data-element_type=\"e-flexbox\" data-e-type=\"e-flexbox\" data-interaction-id=\"e2625d20\">\n    <div class=\"elementor-element elementor-element-e37d968c e-con e-atomic-element e-flexbox-base container-1280 stack-lg \" data-id=\"e37d968c\" data-element_type=\"e-flexbox\" data-e-type=\"e-flexbox\" data-interaction-id=\"e37d968c\">\n    <div class=\"elementor-element elementor-element-ed3954c5 e-con e-atomic-element e-flexbox-base stack-sm \" data-id=\"ed3954c5\" data-element_type=\"e-flexbox\" data-e-type=\"e-flexbox\" data-interaction-id=\"ed3954c5\">\n    \t\t\t<h2 data-interaction-id=\"e334cfdb\" class=\"h2-compact e-heading-base\">Obstb\u00e4ume, Hecken und Wildobst<\/h2>\n\t\t\t\t\t<p class=\"body-text e-paragraph-base\" data-interaction-id=\"e1a29293\">In den vergangenen Jahren wurden Wildobststr\u00e4ucher in die Reviere gebracht, die k\u00fcnftig Deckung, Nahrung und zus\u00e4tzliche Strukturen bieten. Ende 2024 kamen weitere Obstbaumhochst\u00e4mme an einem Wildacker in Schwitten hinzu. Im Februar 2026 erhielten sie ihren ersten Erziehungsschnitt.<\/p>\n\t\t\t\t\t<p class=\"body-text e-paragraph-base\" data-interaction-id=\"e626ccb6\">Ein weiteres Projekt ist die L\u00fcrbker Obstallee mit 16 nummerierten Obstb\u00e4umen. Hinweisschilder informieren dort \u00fcber die jeweiligen Sorten und das Engagement des Hegerings. Neben klassischen Obstsorten wurden auch Quitten und eine Mispel gepflanzt.<\/p>\n\t\t\n<\/div>\n<div class=\"elementor-element elementor-element-eb6508bf e-con e-atomic-element e-flexbox-base grid-wrap \" data-id=\"eb6508bf\" data-element_type=\"e-flexbox\" data-e-type=\"e-flexbox\" data-interaction-id=\"eb6508bf\">\n    <div class=\"elementor-element elementor-element-e28528a5 e-con e-atomic-element e-flexbox-base col-half \" data-id=\"e28528a5\" data-element_type=\"e-flexbox\" data-e-type=\"e-flexbox\" data-interaction-id=\"e28528a5\">\n    \t\t\t<img decoding=\"async\" class=\"e-image-base aspect-4-3 img-cover\" data-interaction-id=\"e49f8931\" id=\"510\" src=\"https:\/\/www.hegering-menden.de\/wp-content\/uploads\/2026\/08\/02_luerbker_obstallee_pflanzung-1024x758.jpg\" width=\"800\" height=\"592\" srcset=\"https:\/\/www.hegering-menden.de\/wp-content\/uploads\/2026\/08\/02_luerbker_obstallee_pflanzung-1024x758.jpg 1024w, https:\/\/www.hegering-menden.de\/wp-content\/uploads\/2026\/08\/02_luerbker_obstallee_pflanzung-300x222.jpg 300w, https:\/\/www.hegering-menden.de\/wp-content\/uploads\/2026\/08\/02_luerbker_obstallee_pflanzung-768x568.jpg 768w, https:\/\/www.hegering-menden.de\/wp-content\/uploads\/2026\/08\/02_luerbker_obstallee_pflanzung.jpg 1522w\" alt=\"Pflanzarbeiten an der L\u00fcrbker Obstallee\"\/>\t\t\n<\/div>\n<div class=\"elementor-element elementor-element-e2c253f6 e-con e-atomic-element e-flexbox-base col-half \" data-id=\"e2c253f6\" data-element_type=\"e-flexbox\" data-e-type=\"e-flexbox\" data-interaction-id=\"e2c253f6\">\n    \t\t\t<img decoding=\"async\" class=\"e-image-base aspect-4-3 img-cover\" data-interaction-id=\"e7e30f08\" id=\"508\" src=\"https:\/\/www.hegering-menden.de\/wp-content\/uploads\/2026\/08\/06_obstbaumpflege.jpg\" width=\"800\" height=\"559\" srcset=\"https:\/\/www.hegering-menden.de\/wp-content\/uploads\/2026\/08\/06_obstbaumpflege.jpg 902w, https:\/\/www.hegering-menden.de\/wp-content\/uploads\/2026\/08\/06_obstbaumpflege-300x210.jpg 300w, https:\/\/www.hegering-menden.de\/wp-content\/uploads\/2026\/08\/06_obstbaumpflege-768x536.jpg 768w\" alt=\"Pflege eines Obstbaumes im Rahmen des Biotopschutzes\"\/>\t\t\n<\/div>\n\n<\/div>\n\n<\/div>\n\n<\/div>\n<div class=\"elementor-element elementor-element-edb4e2fd e-con e-atomic-element e-flexbox-base bg-cream section-py \" data-id=\"edb4e2fd\" data-element_type=\"e-flexbox\" data-e-type=\"e-flexbox\" data-interaction-id=\"edb4e2fd\">\n    <div class=\"elementor-element elementor-element-eed4dc46 e-con e-atomic-element e-flexbox-base container-1280 stack-lg \" data-id=\"eed4dc46\" data-element_type=\"e-flexbox\" data-e-type=\"e-flexbox\" data-interaction-id=\"eed4dc46\">\n    <div class=\"elementor-element elementor-element-eec1dd13 e-con e-atomic-element e-flexbox-base stack-sm \" data-id=\"eec1dd13\" data-element_type=\"e-flexbox\" data-e-type=\"e-flexbox\" data-interaction-id=\"eec1dd13\">\n    \t\t\t<h2 data-interaction-id=\"ea9812e8\" class=\"h2-compact e-heading-base\">Wissen weitergeben<\/h2>\n\t\t\t\t\t<p class=\"body-text e-paragraph-base\" data-interaction-id=\"e00ebfed\">Im April 2025 vermittelte ein Obstbaumschnittkurs gemeinsam mit den Jungj\u00e4gern Grundlagen f\u00fcr die fachgerechte Pflege junger Obstb\u00e4ume. Solche praktischen Angebote verbinden Naturschutzarbeit mit der jagdlichen Ausbildung und helfen dabei, das notwendige Wissen dauerhaft weiterzugeben.<\/p>\n\t\t\n<\/div>\n<div class=\"elementor-element elementor-element-e5eeea08 e-con e-atomic-element e-flexbox-base grid-wrap \" data-id=\"e5eeea08\" data-element_type=\"e-flexbox\" data-e-type=\"e-flexbox\" data-interaction-id=\"e5eeea08\">\n    <div class=\"elementor-element elementor-element-eadf0ecc e-con e-atomic-element e-flexbox-base col-half \" data-id=\"eadf0ecc\" data-element_type=\"e-flexbox\" data-e-type=\"e-flexbox\" data-interaction-id=\"eadf0ecc\">\n    \t\t\t<img loading=\"lazy\" decoding=\"async\" class=\"e-image-base aspect-4-3 img-cover\" data-interaction-id=\"e1b6b348\" id=\"509\" src=\"https:\/\/www.hegering-menden.de\/wp-content\/uploads\/2026\/08\/01_obstbaumschnittkurs-1024x768.jpg\" width=\"800\" height=\"600\" srcset=\"https:\/\/www.hegering-menden.de\/wp-content\/uploads\/2026\/08\/01_obstbaumschnittkurs-1024x768.jpg 1024w, https:\/\/www.hegering-menden.de\/wp-content\/uploads\/2026\/08\/01_obstbaumschnittkurs-300x225.jpg 300w, https:\/\/www.hegering-menden.de\/wp-content\/uploads\/2026\/08\/01_obstbaumschnittkurs-768x576.jpg 768w, https:\/\/www.hegering-menden.de\/wp-content\/uploads\/2026\/08\/01_obstbaumschnittkurs-1536x1152.jpg 1536w, https:\/\/www.hegering-menden.de\/wp-content\/uploads\/2026\/08\/01_obstbaumschnittkurs.jpg 1560w\" alt=\"Teilnehmer beim Obstbaumschnittkurs des Hegerings Menden\"\/>\t\t\n<\/div>\n<div class=\"elementor-element elementor-element-e3682fbe e-con e-atomic-element e-flexbox-base col-half \" data-id=\"e3682fbe\" data-element_type=\"e-flexbox\" data-e-type=\"e-flexbox\" data-interaction-id=\"e3682fbe\">\n    \t\t\t<img loading=\"lazy\" decoding=\"async\" class=\"e-image-base aspect-4-3 img-cover\" data-interaction-id=\"eae089bb\" id=\"507\" src=\"https:\/\/www.hegering-menden.de\/wp-content\/uploads\/2026\/08\/05_pflanzschnittkurs-1024x768.jpg\" width=\"800\" height=\"600\" srcset=\"https:\/\/www.hegering-menden.de\/wp-content\/uploads\/2026\/08\/05_pflanzschnittkurs-1024x768.jpg 1024w, https:\/\/www.hegering-menden.de\/wp-content\/uploads\/2026\/08\/05_pflanzschnittkurs-300x225.jpg 300w, https:\/\/www.hegering-menden.de\/wp-content\/uploads\/2026\/08\/05_pflanzschnittkurs-768x576.jpg 768w, https:\/\/www.hegering-menden.de\/wp-content\/uploads\/2026\/08\/05_pflanzschnittkurs-1536x1152.jpg 1536w, https:\/\/www.hegering-menden.de\/wp-content\/uploads\/2026\/08\/05_pflanzschnittkurs.jpg 1600w\" alt=\"Praktischer Pflanzschnittkurs des Hegerings Menden\"\/>\t\t\n<\/div>\n\n<\/div>\n\n<\/div>\n\n<\/div>\n<div class=\"elementor-element elementor-element-e3ac66f9 e-con e-atomic-element e-flexbox-base bg-white section-py \" data-id=\"e3ac66f9\" data-element_type=\"e-flexbox\" data-e-type=\"e-flexbox\" data-interaction-id=\"e3ac66f9\">\n    <div class=\"elementor-element elementor-element-ec7085ff e-con e-atomic-element e-flexbox-base container-1280 stack-lg \" data-id=\"ec7085ff\" data-element_type=\"e-flexbox\" data-e-type=\"e-flexbox\" data-interaction-id=\"ec7085ff\">\n    <div class=\"elementor-element elementor-element-e2e3a3dd e-con e-atomic-element e-flexbox-base stack-sm \" data-id=\"e2e3a3dd\" data-element_type=\"e-flexbox\" data-e-type=\"e-flexbox\" data-interaction-id=\"e2e3a3dd\">\n    \t\t\t<h2 data-interaction-id=\"e1f8fbf9\" class=\"h2-compact e-heading-base\">Nisthilfen und kommende Projekte<\/h2>\n\t\t\t\t\t<p class=\"body-text e-paragraph-base\" data-interaction-id=\"eb9e2803\">Im Jahr 2025 wurden 150 Nistk\u00e4sten an die Revierinhaber verteilt. F\u00fcr 2026 ist erneut die Ausgabe von 150 Nistk\u00e4sten vorgesehen. Zu den weiteren Aufgaben geh\u00f6ren die Pflege bestehender Pflanzungen, der Einsatz von Entenbrutk\u00f6rben sowie neue Pflanzprojekte, sobald geeignete Fl\u00e4chen zur Verf\u00fcgung stehen.<\/p>\n\t\t\n<\/div>\n<div class=\"elementor-element elementor-element-ee2ec0f4 e-con e-atomic-element e-flexbox-base aspect-3-1 \" data-id=\"ee2ec0f4\" data-element_type=\"e-flexbox\" data-e-type=\"e-flexbox\" data-interaction-id=\"ee2ec0f4\">\n    \t\t\t<img loading=\"lazy\" decoding=\"async\" class=\"e-image-base aspect-3-1 img-cover\" data-interaction-id=\"ed805ed9\" id=\"506\" src=\"https:\/\/www.hegering-menden.de\/wp-content\/uploads\/2026\/08\/04_nistkaesten-1024x576.jpg\" width=\"800\" height=\"450\" srcset=\"https:\/\/www.hegering-menden.de\/wp-content\/uploads\/2026\/08\/04_nistkaesten-1024x576.jpg 1024w, https:\/\/www.hegering-menden.de\/wp-content\/uploads\/2026\/08\/04_nistkaesten-300x169.jpg 300w, https:\/\/www.hegering-menden.de\/wp-content\/uploads\/2026\/08\/04_nistkaesten-768x432.jpg 768w, https:\/\/www.hegering-menden.de\/wp-content\/uploads\/2026\/08\/04_nistkaesten-1536x864.jpg 1536w, https:\/\/www.hegering-menden.de\/wp-content\/uploads\/2026\/08\/04_nistkaesten.jpg 1600w\" alt=\"Nistk\u00e4sten f\u00fcr die Reviere des Hegerings Menden\"\/>\t\t\n<\/div>\n\n<\/div>\n\n<\/div>\n<div class=\"elementor-element elementor-element-e6734935 e-con e-atomic-element e-flexbox-base bg-cream section-py \" data-id=\"e6734935\" data-element_type=\"e-flexbox\" data-e-type=\"e-flexbox\" data-interaction-id=\"e6734935\">\n    <div class=\"elementor-element elementor-element-e759fb4d e-con e-atomic-element e-flexbox-base container-1280 stack-lg \" data-id=\"e759fb4d\" data-element_type=\"e-flexbox\" data-e-type=\"e-flexbox\" data-interaction-id=\"e759fb4d\">\n    <div class=\"elementor-element elementor-element-e57ceee9 e-con e-atomic-element e-flexbox-base stack-sm \" data-id=\"e57ceee9\" data-element_type=\"e-flexbox\" data-e-type=\"e-flexbox\" data-interaction-id=\"e57ceee9\">\n    \t\t\t<h2 data-interaction-id=\"edf60a5c\" class=\"h2-compact e-heading-base\">Fl\u00e4chen gesucht<\/h2>\n\t\t\t\t\t<p class=\"body-text e-paragraph-base\" data-interaction-id=\"e7dbe3d2\">Biotopschutz funktioniert nur gemeinsam. Der Hegering sucht geeignete Fl\u00e4chen f\u00fcr Hecken, Obstb\u00e4ume und weitere Biotope. Auch neue Projektideen und praktische Unterst\u00fctzung sind willkommen.<\/p>\n\t\t\t\t\t<p class=\"meta-small e-paragraph-base\" data-interaction-id=\"ef800781\">Ansprechpartner: Malte Beierle \u2013 Obmann f\u00fcr Biotopschutz<\/p>\n\t\t\t\t\t<a href=\"https:\/\/www.hegering-menden.de\/?page_id=285\" target=\"_self\" class=\"btn-primary e-button-base\" data-interaction-id=\"e8a29dd2\">\n\t\tFl\u00e4che oder Projektidee melden\n\t<\/a>\t\t\n<\/div>\n\n<\/div>\n\n<\/div>\n\t\t<\/div>\n\t\t","protected":false},"excerpt":{"rendered":"<p>DER HEGERING Biotopschutz Der Biotopschutz geh\u00f6rt seit 1984 zu den festen Aufgaben des Hegerings Menden. Mit Pflanzungen, Pflegema\u00dfnahmen und Nisthilfen schaffen und erhalten wir wertvolle Lebensr\u00e4ume f\u00fcr heimisches Wild, V\u00f6gel, Insekten und Pflanzen. Dabei kommt es vor allem auf gemeinsames und langfristiges Engagement an. Lebensr\u00e4ume erhalten und entwickeln Ein fr\u00fches bedeutendes Projekt war die 1991 [&hellip;]<\/p>\n","protected":false},"author":1,"featured_media":0,"parent":0,"menu_order":0,"comment_status":"closed","ping_status":"closed","template":"","meta":{"footnotes":""},"class_list":["post-248","page","type-page","status-publish","hentry"],"_links":{"self":[{"href":"https:\/\/www.hegering-menden.de\/index.php?rest_route=\/wp\/v2\/pages\/248","targetHints":{"allow":["GET"]}}],"collection":[{"href":"https:\/\/www.hegering-menden.de\/index.php?rest_route=\/wp\/v2\/pages"}],"about":[{"href":"https:\/\/www.hegering-menden.de\/index.php?rest_route=\/wp\/v2\/types\/page"}],"author":[{"embeddable":true,"href":"https:\/\/www.hegering-menden.de\/index.php?rest_route=\/wp\/v2\/users\/1"}],"replies":[{"embeddable":true,"href":"https:\/\/www.hegering-menden.de\/index.php?rest_route=%2Fwp%2Fv2%2Fcomments&post=248"}],"version-history":[{"count":9,"href":"https:\/\/www.hegering-menden.de\/index.php?rest_route=\/wp\/v2\/pages\/248\/revisions"}],"predecessor-version":[{"id":513,"href":"https:\/\/www.hegering-menden.de\/index.php?rest_route=\/wp\/v2\/pages\/248\/revisions\/513"}],"wp:attachment":[{"href":"https:\/\/www.hegering-menden.de\/index.php?rest_route=%2Fwp%2Fv2%2Fmedia&parent=248"}],"curies":[{"name":"wp","href":"https:\/\/api.w.org\/{rel}","templated":true}]}}