{"id":222,"date":"2026-08-09T15:09:31","date_gmt":"2026-08-09T13:09:31","guid":{"rendered":"https:\/\/staging.hegering-menden.de\/?page_id=222"},"modified":"2026-08-19T21:56:02","modified_gmt":"2026-08-19T19:56:02","slug":"historie","status":"publish","type":"page","link":"https:\/\/www.hegering-menden.de\/?page_id=222","title":{"rendered":"Historie"},"content":{"rendered":"\t\t<div data-elementor-type=\"wp-page\" data-elementor-id=\"222\" class=\"elementor elementor-222\">\n\t\t\t\t<div class=\"elementor-element elementor-element-edee3a3b e-con e-atomic-element e-flexbox-base bg-cream section-py \" data-id=\"edee3a3b\" data-element_type=\"e-flexbox\" data-e-type=\"e-flexbox\" data-interaction-id=\"edee3a3b\">\n    <div class=\"elementor-element elementor-element-e2221d8e e-con e-atomic-element e-flexbox-base container-1280 stack-lg \" data-id=\"e2221d8e\" data-element_type=\"e-flexbox\" data-e-type=\"e-flexbox\" data-interaction-id=\"e2221d8e\">\n    <div class=\"elementor-element elementor-element-e53b5354 e-con e-atomic-element e-flexbox-base row-split \" data-id=\"e53b5354\" data-element_type=\"e-flexbox\" data-e-type=\"e-flexbox\" data-interaction-id=\"e53b5354\">\n    <div class=\"elementor-element elementor-element-e78a79e3 e-con e-atomic-element e-flexbox-base stack-sm \" data-id=\"e78a79e3\" data-element_type=\"e-flexbox\" data-e-type=\"e-flexbox\" data-interaction-id=\"e78a79e3\">\n    \t\t\t<p class=\"eyebrow e-paragraph-base\" data-interaction-id=\"e4ac8fa0\">HISTORIE<\/p>\n\t\t\t\t\t<h1 data-interaction-id=\"ef5a9f7c\" class=\"h1 e-heading-base\">100 Jahre Hegering <\/h1>\n\t\t\t\t\t<p class=\"body-text e-paragraph-base\" data-interaction-id=\"e4d301e7\">Von den Anf\u00e4ngen zum modernen Hegering: Als sich 1924 eine Gruppe engagierter J\u00e4ger aus Stadt und Amt Menden zu einem sogenannten Hegebund zusammenschloss, legte sie den Grundstein f\u00fcr eine Gemeinschaft, die bis heute Jagd, Hege, Naturschutz und jagdliches Brauchtum in Menden pr\u00e4gt. Aus diesen fr\u00fchen Anf\u00e4ngen entwickelte sich der heutige Hegering Menden \u2013 Schie\u00dfstand Hexenteich e.V.<\/p>\n\t\t\n<\/div>\n<div class=\"elementor-element elementor-element-eb7b420c e-con e-atomic-element e-flexbox-base \" data-id=\"eb7b420c\" data-element_type=\"e-flexbox\" data-e-type=\"e-flexbox\" data-interaction-id=\"eb7b420c\">\n    \t\t\t<img fetchpriority=\"high\" decoding=\"async\" class=\"e-image-base aspect-4-3 img-cover\" data-interaction-id=\"e289114e\" id=\"368\" src=\"https:\/\/www.hegering-menden.de\/wp-content\/uploads\/2026\/08\/hegering-menden-historie-02.jpg.jpg\" width=\"423\" height=\"317\" srcset=\"https:\/\/www.hegering-menden.de\/wp-content\/uploads\/2026\/08\/hegering-menden-historie-02.jpg.jpg 423w, https:\/\/www.hegering-menden.de\/wp-content\/uploads\/2026\/08\/hegering-menden-historie-02.jpg-300x225.jpg 300w\" alt=\"Historische Aufnahme aus der Geschichte des Hegerings Menden\"\/>\t\t\n<\/div>\n\n<\/div>\n<div class=\"elementor-element elementor-element-e7810d7f e-con e-atomic-element e-flexbox-base timeline \" data-id=\"e7810d7f\" data-element_type=\"e-flexbox\" data-e-type=\"e-flexbox\" data-interaction-id=\"e7810d7f\">\n    <div class=\"elementor-element elementor-element-e470055d e-con e-atomic-element e-flexbox-base timeline-row \" data-id=\"e470055d\" data-element_type=\"e-flexbox\" data-e-type=\"e-flexbox\" data-interaction-id=\"e470055d\">\n    \t\t\t<p class=\"timeline-year e-paragraph-base\" data-interaction-id=\"ecddc57b\">1924<\/p>\n\t\t<div class=\"elementor-element elementor-element-ee6b4721 e-con e-atomic-element e-flexbox-base timeline-line \" data-id=\"ee6b4721\" data-element_type=\"e-flexbox\" data-e-type=\"e-flexbox\" data-interaction-id=\"ee6b4721\">\n    \n<\/div>\n<div class=\"elementor-element elementor-element-e66e7ea0 e-con e-atomic-element e-flexbox-base timeline-content \" data-id=\"e66e7ea0\" data-element_type=\"e-flexbox\" data-e-type=\"e-flexbox\" data-interaction-id=\"e66e7ea0\">\n    \t\t\t<h3 data-interaction-id=\"e8672210\" class=\"h3 e-heading-base\">Die Anf\u00e4nge<\/h3>\n\t\t\t\t\t<p class=\"body-text e-paragraph-base\" data-interaction-id=\"e5158bb5\">J\u00e4ger aus Stadt und Amt Menden schlie\u00dfen sich zu einem ersten Hegebund zusammen. Damit beginnt die Geschichte des heutigen Hegerings.<\/p>\n\t\t\n<\/div>\n\n<\/div>\n<div class=\"elementor-element elementor-element-edbdc4d5 e-con e-atomic-element e-flexbox-base timeline-row \" data-id=\"edbdc4d5\" data-element_type=\"e-flexbox\" data-e-type=\"e-flexbox\" data-interaction-id=\"edbdc4d5\">\n    \t\t\t<p class=\"timeline-year e-paragraph-base\" data-interaction-id=\"e7091de9\">1927<\/p>\n\t\t<div class=\"elementor-element elementor-element-e4560aec e-con e-atomic-element e-flexbox-base timeline-line \" data-id=\"e4560aec\" data-element_type=\"e-flexbox\" data-e-type=\"e-flexbox\" data-interaction-id=\"e4560aec\">\n    \n<\/div>\n<div class=\"elementor-element elementor-element-ed9563dc e-con e-atomic-element e-flexbox-base timeline-content \" data-id=\"ed9563dc\" data-element_type=\"e-flexbox\" data-e-type=\"e-flexbox\" data-interaction-id=\"ed9563dc\">\n    \t\t\t<h3 data-interaction-id=\"eb8b6efc\" class=\"h3 e-heading-base\">Gemeinsamer Kreishegebund<\/h3>\n\t\t\t\t\t<p class=\"body-text e-paragraph-base\" data-interaction-id=\"e0d97ba8\">Am 13. Oktober 1927 schlie\u00dfen sich die Hegeb\u00fcnde der Stadt und des damaligen Kreises Iserlohn zu einem gemeinsamen Kreishegebund zusammen.<\/p>\n\t\t\n<\/div>\n\n<\/div>\n<div class=\"elementor-element elementor-element-e4a65ac1 e-con e-atomic-element e-flexbox-base timeline-row \" data-id=\"e4a65ac1\" data-element_type=\"e-flexbox\" data-e-type=\"e-flexbox\" data-interaction-id=\"e4a65ac1\">\n    \t\t\t<p class=\"timeline-year e-paragraph-base\" data-interaction-id=\"ea696aed\">1951<\/p>\n\t\t<div class=\"elementor-element elementor-element-ecfeeda2 e-con e-atomic-element e-flexbox-base timeline-line \" data-id=\"ecfeeda2\" data-element_type=\"e-flexbox\" data-e-type=\"e-flexbox\" data-interaction-id=\"ecfeeda2\">\n    \n<\/div>\n<div class=\"elementor-element elementor-element-eed0b27a e-con e-atomic-element e-flexbox-base timeline-content \" data-id=\"eed0b27a\" data-element_type=\"e-flexbox\" data-e-type=\"e-flexbox\" data-interaction-id=\"eed0b27a\">\n    \t\t\t<h3 data-interaction-id=\"ef9905c5\" class=\"h3 e-heading-base\">Neubeginn nach dem Krieg<\/h3>\n\t\t\t\t\t<p class=\"body-text e-paragraph-base\" data-interaction-id=\"e53fe3ad\">Karl Guntrum wird erster Nachkriegshegeringleiter und legt den Grundstein f\u00fcr eine stabile Vereinsstruktur.<\/p>\n\t\t\n<\/div>\n\n<\/div>\n<div class=\"elementor-element elementor-element-e0c3eb65 e-con e-atomic-element e-flexbox-base timeline-row \" data-id=\"e0c3eb65\" data-element_type=\"e-flexbox\" data-e-type=\"e-flexbox\" data-interaction-id=\"e0c3eb65\">\n    \t\t\t<p class=\"timeline-year e-paragraph-base\" data-interaction-id=\"e452ab08\">1961<\/p>\n\t\t<div class=\"elementor-element elementor-element-e8eff511 e-con e-atomic-element e-flexbox-base timeline-line \" data-id=\"e8eff511\" data-element_type=\"e-flexbox\" data-e-type=\"e-flexbox\" data-interaction-id=\"e8eff511\">\n    \n<\/div>\n<div class=\"elementor-element elementor-element-eadcf5e2 e-con e-atomic-element e-flexbox-base timeline-content \" data-id=\"eadcf5e2\" data-element_type=\"e-flexbox\" data-e-type=\"e-flexbox\" data-interaction-id=\"eadcf5e2\">\n    \t\t\t<h3 data-interaction-id=\"eb3514ab\" class=\"h3 e-heading-base\">F\u00fchrung und Nachwuchsf\u00f6rderung<\/h3>\n\t\t\t\t\t<p class=\"body-text e-paragraph-base\" data-interaction-id=\"ee4f1e12\">Graf D\u00fccker-Plettenberg \u00fcbernimmt die Leitung des Hegerings. Im selben Jahr beginnt der Hegering mit einer eigenen Jungj\u00e4gerausbildung.<\/p>\n\t\t\n<\/div>\n\n<\/div>\n<div class=\"elementor-element elementor-element-eb125216 e-con e-atomic-element e-flexbox-base timeline-row \" data-id=\"eb125216\" data-element_type=\"e-flexbox\" data-e-type=\"e-flexbox\" data-interaction-id=\"eb125216\">\n    \t\t\t<p class=\"timeline-year e-paragraph-base\" data-interaction-id=\"e43f3dd0\">1963<\/p>\n\t\t<div class=\"elementor-element elementor-element-ee6aea1d e-con e-atomic-element e-flexbox-base timeline-line \" data-id=\"ee6aea1d\" data-element_type=\"e-flexbox\" data-e-type=\"e-flexbox\" data-interaction-id=\"ee6aea1d\">\n    \n<\/div>\n<div class=\"elementor-element elementor-element-efd35dee e-con e-atomic-element e-flexbox-base timeline-content \" data-id=\"efd35dee\" data-element_type=\"e-flexbox\" data-e-type=\"e-flexbox\" data-interaction-id=\"efd35dee\">\n    \t\t\t<h3 data-interaction-id=\"e65635d4\" class=\"h3 e-heading-base\">Aufbau der Fachbereiche<\/h3>\n\t\t\t\t\t<p class=\"body-text e-paragraph-base\" data-interaction-id=\"ee6e29d0\">Eine neue Satzung legt die Vereinsstruktur mit verschiedenen Sachgebieten und verantwortlichen Obleuten fest. Diese Struktur pr\u00e4gt den Hegering bis heute.<\/p>\n\t\t\n<\/div>\n\n<\/div>\n<div class=\"elementor-element elementor-element-e8837da0 e-con e-atomic-element e-flexbox-base timeline-row \" data-id=\"e8837da0\" data-element_type=\"e-flexbox\" data-e-type=\"e-flexbox\" data-interaction-id=\"e8837da0\">\n    \t\t\t<p class=\"timeline-year e-paragraph-base\" data-interaction-id=\"ed31d89c\">1966<\/p>\n\t\t<div class=\"elementor-element elementor-element-e8deab50 e-con e-atomic-element e-flexbox-base timeline-line \" data-id=\"e8deab50\" data-element_type=\"e-flexbox\" data-e-type=\"e-flexbox\" data-interaction-id=\"e8deab50\">\n    \n<\/div>\n<div class=\"elementor-element elementor-element-ec85d00c e-con e-atomic-element e-flexbox-base timeline-content \" data-id=\"ec85d00c\" data-element_type=\"e-flexbox\" data-e-type=\"e-flexbox\" data-interaction-id=\"ec85d00c\">\n    \t\t\t<h3 data-interaction-id=\"edc31af0\" class=\"h3 e-heading-base\">Gr\u00fcndung des Bl\u00e4sercorps<\/h3>\n\t\t\t\t\t<p class=\"body-text e-paragraph-base\" data-interaction-id=\"ea22a5ca\">Das Jagdhornbl\u00e4sercorps wird offiziell gegr\u00fcndet und entwickelt sich zu einem festen Bestandteil des jagdlichen und gesellschaftlichen Lebens.<\/p>\n\t\t\n<\/div>\n\n<\/div>\n<div class=\"elementor-element elementor-element-ed5bda31 e-con e-atomic-element e-flexbox-base timeline-row \" data-id=\"ed5bda31\" data-element_type=\"e-flexbox\" data-e-type=\"e-flexbox\" data-interaction-id=\"ed5bda31\">\n    \t\t\t<p class=\"timeline-year e-paragraph-base\" data-interaction-id=\"e79ba58d\">1982<\/p>\n\t\t<div class=\"elementor-element elementor-element-e0063d5d e-con e-atomic-element e-flexbox-base timeline-line \" data-id=\"e0063d5d\" data-element_type=\"e-flexbox\" data-e-type=\"e-flexbox\" data-interaction-id=\"e0063d5d\">\n    \n<\/div>\n<div class=\"elementor-element elementor-element-e452530b e-con e-atomic-element e-flexbox-base timeline-content \" data-id=\"e452530b\" data-element_type=\"e-flexbox\" data-e-type=\"e-flexbox\" data-interaction-id=\"e452530b\">\n    \t\t\t<h3 data-interaction-id=\"efe55f49\" class=\"h3 e-heading-base\">Dr. Wilhelm Kl\u00fcter<\/h3>\n\t\t\t\t\t<p class=\"body-text e-paragraph-base\" data-interaction-id=\"e0a40d61\">Dr. Wilhelm Kl\u00fcter \u00fcbernimmt die Leitung des Hegerings, nachdem er zuvor bereits als Stellvertreter t\u00e4tig war.<\/p>\n\t\t\n<\/div>\n\n<\/div>\n<div class=\"elementor-element elementor-element-ec2ff20f e-con e-atomic-element e-flexbox-base timeline-row \" data-id=\"ec2ff20f\" data-element_type=\"e-flexbox\" data-e-type=\"e-flexbox\" data-interaction-id=\"ec2ff20f\">\n    \t\t\t<p class=\"timeline-year e-paragraph-base\" data-interaction-id=\"ece9bb9f\">1984<\/p>\n\t\t<div class=\"elementor-element elementor-element-ec118d78 e-con e-atomic-element e-flexbox-base timeline-line \" data-id=\"ec118d78\" data-element_type=\"e-flexbox\" data-e-type=\"e-flexbox\" data-interaction-id=\"ec118d78\">\n    \n<\/div>\n<div class=\"elementor-element elementor-element-e1d8b6b7 e-con e-atomic-element e-flexbox-base timeline-content \" data-id=\"e1d8b6b7\" data-element_type=\"e-flexbox\" data-e-type=\"e-flexbox\" data-interaction-id=\"e1d8b6b7\">\n    \t\t\t<h3 data-interaction-id=\"e996fbf9\" class=\"h3 e-heading-base\">Engagement f\u00fcr den Biotopschutz<\/h3>\n\t\t\t\t\t<p class=\"body-text e-paragraph-base\" data-interaction-id=\"e8da3cf2\">Der Hegering beginnt mit einem systematischen Engagement f\u00fcr den Schutz und die Verbesserung heimischer Lebensr\u00e4ume.<\/p>\n\t\t\n<\/div>\n\n<\/div>\n<div class=\"elementor-element elementor-element-e49d2cd8 e-con e-atomic-element e-flexbox-base timeline-row \" data-id=\"e49d2cd8\" data-element_type=\"e-flexbox\" data-e-type=\"e-flexbox\" data-interaction-id=\"e49d2cd8\">\n    \t\t\t<p class=\"timeline-year e-paragraph-base\" data-interaction-id=\"edd5b634\">1986<\/p>\n\t\t<div class=\"elementor-element elementor-element-e0d027c3 e-con e-atomic-element e-flexbox-base timeline-line \" data-id=\"e0d027c3\" data-element_type=\"e-flexbox\" data-e-type=\"e-flexbox\" data-interaction-id=\"e0d027c3\">\n    \n<\/div>\n<div class=\"elementor-element elementor-element-e32482d1 e-con e-atomic-element e-flexbox-base timeline-content \" data-id=\"e32482d1\" data-element_type=\"e-flexbox\" data-e-type=\"e-flexbox\" data-interaction-id=\"e32482d1\">\n    \t\t\t<h3 data-interaction-id=\"e7749969\" class=\"h3 e-heading-base\">Horst Stamm<\/h3>\n\t\t\t\t\t<p class=\"body-text e-paragraph-base\" data-interaction-id=\"e4d05088\">Horst Stamm wird Hegeringleiter und pr\u00e4gt den Verein mit gro\u00dfem Engagement bis zum Jahr 2000.<\/p>\n\t\t\n<\/div>\n\n<\/div>\n<div class=\"elementor-element elementor-element-e9ce7d02 e-con e-atomic-element e-flexbox-base timeline-row \" data-id=\"e9ce7d02\" data-element_type=\"e-flexbox\" data-e-type=\"e-flexbox\" data-interaction-id=\"e9ce7d02\">\n    \t\t\t<p class=\"timeline-year e-paragraph-base\" data-interaction-id=\"eb72e2e3\">1991<\/p>\n\t\t<div class=\"elementor-element elementor-element-ef883600 e-con e-atomic-element e-flexbox-base timeline-line \" data-id=\"ef883600\" data-element_type=\"e-flexbox\" data-e-type=\"e-flexbox\" data-interaction-id=\"ef883600\">\n    \n<\/div>\n<div class=\"elementor-element elementor-element-e8d43627 e-con e-atomic-element e-flexbox-base timeline-content \" data-id=\"e8d43627\" data-element_type=\"e-flexbox\" data-e-type=\"e-flexbox\" data-interaction-id=\"e8d43627\">\n    \t\t\t<h3 data-interaction-id=\"e97b6fc8\" class=\"h3 e-heading-base\">Streuobstwiese in B\u00f6ingsen<\/h3>\n\t\t\t\t\t<p class=\"body-text e-paragraph-base\" data-interaction-id=\"e5ddd396\">In B\u00f6ingsen entsteht eine vom Hegering initiierte Streuobstwiese \u2013 ein sichtbares Zeichen f\u00fcr das Engagement im Natur- und Biotopschutz.<\/p>\n\t\t\n<\/div>\n\n<\/div>\n<div class=\"elementor-element elementor-element-e209bbe3 e-con e-atomic-element e-flexbox-base timeline-row \" data-id=\"e209bbe3\" data-element_type=\"e-flexbox\" data-e-type=\"e-flexbox\" data-interaction-id=\"e209bbe3\">\n    \t\t\t<p class=\"timeline-year e-paragraph-base\" data-interaction-id=\"e35eb9cc\">1998<\/p>\n\t\t<div class=\"elementor-element elementor-element-ecba36ac e-con e-atomic-element e-flexbox-base timeline-line \" data-id=\"ecba36ac\" data-element_type=\"e-flexbox\" data-e-type=\"e-flexbox\" data-interaction-id=\"ecba36ac\">\n    \n<\/div>\n<div class=\"elementor-element elementor-element-e1db3732 e-con e-atomic-element e-flexbox-base timeline-content \" data-id=\"e1db3732\" data-element_type=\"e-flexbox\" data-e-type=\"e-flexbox\" data-interaction-id=\"e1db3732\">\n    \t\t\t<h3 data-interaction-id=\"e983b815\" class=\"h3 e-heading-base\">Schie\u00dfstand Hexenteich<\/h3>\n\t\t\t\t\t<p class=\"body-text e-paragraph-base\" data-interaction-id=\"e4ac4e75\">Der traditionsreiche Schie\u00dfstand Hexenteich geht in die Verantwortung des Hegerings \u00fcber.<\/p>\n\t\t\n<\/div>\n\n<\/div>\n<div class=\"elementor-element elementor-element-eaa2cc2c e-con e-atomic-element e-flexbox-base timeline-row \" data-id=\"eaa2cc2c\" data-element_type=\"e-flexbox\" data-e-type=\"e-flexbox\" data-interaction-id=\"eaa2cc2c\">\n    \t\t\t<p class=\"timeline-year e-paragraph-base\" data-interaction-id=\"ee490db6\">2000<\/p>\n\t\t<div class=\"elementor-element elementor-element-e2c75763 e-con e-atomic-element e-flexbox-base timeline-line \" data-id=\"e2c75763\" data-element_type=\"e-flexbox\" data-e-type=\"e-flexbox\" data-interaction-id=\"e2c75763\">\n    \n<\/div>\n<div class=\"elementor-element elementor-element-ef93573e e-con e-atomic-element e-flexbox-base timeline-content \" data-id=\"ef93573e\" data-element_type=\"e-flexbox\" data-e-type=\"e-flexbox\" data-interaction-id=\"ef93573e\">\n    \t\t\t<h3 data-interaction-id=\"e95cd753\" class=\"h3 e-heading-base\">Beginn einer neuen \u00c4ra<\/h3>\n\t\t\t\t\t<p class=\"body-text e-paragraph-base\" data-interaction-id=\"e1609389\">Philipp Nikodem \u00fcbernimmt den Vorsitz. Horst Stamm wird f\u00fcr seine langj\u00e4hrigen Verdienste zum Ehrenhegeringleiter ernannt.<\/p>\n\t\t\n<\/div>\n\n<\/div>\n<div class=\"elementor-element elementor-element-e6b06c33 e-con e-atomic-element e-flexbox-base timeline-row \" data-id=\"e6b06c33\" data-element_type=\"e-flexbox\" data-e-type=\"e-flexbox\" data-interaction-id=\"e6b06c33\">\n    \t\t\t<p class=\"timeline-year e-paragraph-base\" data-interaction-id=\"eeb52f28\">2024<\/p>\n\t\t<div class=\"elementor-element elementor-element-ebc4f903 e-con e-atomic-element e-flexbox-base timeline-line \" data-id=\"ebc4f903\" data-element_type=\"e-flexbox\" data-e-type=\"e-flexbox\" data-interaction-id=\"ebc4f903\">\n    \n<\/div>\n<div class=\"elementor-element elementor-element-ee15f76f e-con e-atomic-element e-flexbox-base timeline-content \" data-id=\"ee15f76f\" data-element_type=\"e-flexbox\" data-e-type=\"e-flexbox\" data-interaction-id=\"ee15f76f\">\n    \t\t\t<h3 data-interaction-id=\"e52842da\" class=\"h3 e-heading-base\">100 Jahre Hegering Menden<\/h3>\n\t\t\t\t\t<p class=\"body-text e-paragraph-base\" data-interaction-id=\"e95497df\">Der Hegering blickt auf ein Jahrhundert gemeinschaftlicher Verantwortung f\u00fcr Jagd, Wild, Natur und jagdliches Brauchtum zur\u00fcck.<\/p>\n\t\t\n<\/div>\n\n<\/div>\n\n<\/div>\n<div class=\"elementor-element elementor-element-e6c9cc20 e-con e-atomic-element e-flexbox-base stack-sm \" data-id=\"e6c9cc20\" data-element_type=\"e-flexbox\" data-e-type=\"e-flexbox\" data-interaction-id=\"e6c9cc20\">\n    \t\t\t<p class=\"body-text e-paragraph-base\" data-interaction-id=\"e637d4cf\">\u00dcber die Jahrzehnte haben sich Aufgaben, Technik und Organisation ver\u00e4ndert. Geblieben ist der Anspruch, Jagd verantwortungsvoll auszu\u00fcben, Wissen weiterzugeben und sich f\u00fcr Wild und Lebensr\u00e4ume in der Region einzusetzen.<\/p>\n\t\t\t\t\t<span class=\"link-arrow e-paragraph-base\" data-interaction-id=\"e8bd45fd\"><a href=\"https:\/\/www.hegering-menden.de\/?page_id=208\" target=\"_self\" class=\"e-paragraph-link-base\">\n\t\tZum Hegering im \u00dcberblick\n\t<\/a><\/span>\n\t\t\n<\/div>\n\n<\/div>\n\n<\/div>\n\t\t<\/div>\n\t\t","protected":false},"excerpt":{"rendered":"<p>HISTORIE 100 Jahre Hegering Von den Anf\u00e4ngen zum modernen Hegering: Als sich 1924 eine Gruppe engagierter J\u00e4ger aus Stadt und Amt Menden zu einem sogenannten Hegebund zusammenschloss, legte sie den Grundstein f\u00fcr eine Gemeinschaft, die bis heute Jagd, Hege, Naturschutz und jagdliches Brauchtum in Menden pr\u00e4gt. Aus diesen fr\u00fchen Anf\u00e4ngen entwickelte sich der heutige Hegering [&hellip;]<\/p>\n","protected":false},"author":1,"featured_media":0,"parent":0,"menu_order":0,"comment_status":"closed","ping_status":"closed","template":"","meta":{"footnotes":""},"class_list":["post-222","page","type-page","status-publish","hentry"],"_links":{"self":[{"href":"https:\/\/www.hegering-menden.de\/index.php?rest_route=\/wp\/v2\/pages\/222","targetHints":{"allow":["GET"]}}],"collection":[{"href":"https:\/\/www.hegering-menden.de\/index.php?rest_route=\/wp\/v2\/pages"}],"about":[{"href":"https:\/\/www.hegering-menden.de\/index.php?rest_route=\/wp\/v2\/types\/page"}],"author":[{"embeddable":true,"href":"https:\/\/www.hegering-menden.de\/index.php?rest_route=\/wp\/v2\/users\/1"}],"replies":[{"embeddable":true,"href":"https:\/\/www.hegering-menden.de\/index.php?rest_route=%2Fwp%2Fv2%2Fcomments&post=222"}],"version-history":[{"count":14,"href":"https:\/\/www.hegering-menden.de\/index.php?rest_route=\/wp\/v2\/pages\/222\/revisions"}],"predecessor-version":[{"id":472,"href":"https:\/\/www.hegering-menden.de\/index.php?rest_route=\/wp\/v2\/pages\/222\/revisions\/472"}],"wp:attachment":[{"href":"https:\/\/www.hegering-menden.de\/index.php?rest_route=%2Fwp%2Fv2%2Fmedia&parent=222"}],"curies":[{"name":"wp","href":"https:\/\/api.w.org\/{rel}","templated":true}]}}