{"id":158,"date":"2026-08-08T17:47:59","date_gmt":"2026-08-08T15:47:59","guid":{"rendered":"https:\/\/staging.hegering-menden.de\/?page_id=158"},"modified":"2026-08-25T21:09:58","modified_gmt":"2026-08-25T19:09:58","slug":"startseite","status":"publish","type":"page","link":"https:\/\/www.hegering-menden.de\/","title":{"rendered":"Startseite"},"content":{"rendered":"\t\t<div data-elementor-type=\"wp-page\" data-elementor-id=\"158\" class=\"elementor elementor-158\">\n\t\t\t\t<div class=\"elementor-element elementor-element-e1be1f76 e-con e-atomic-element e-flexbox-base hero-a \" data-id=\"e1be1f76\" data-element_type=\"e-flexbox\" data-e-type=\"e-flexbox\" data-interaction-id=\"e1be1f76\">\n    <div class=\"elementor-element elementor-element-ed62f138 e-con e-atomic-element e-flexbox-base container-1280 \" data-id=\"ed62f138\" data-element_type=\"e-flexbox\" data-e-type=\"e-flexbox\" data-interaction-id=\"ed62f138\">\n    <div class=\"elementor-element elementor-element-e253c6fe e-con e-atomic-element e-flexbox-base stack-lg max-w-640 hero-content \" data-id=\"e253c6fe\" data-element_type=\"e-flexbox\" data-e-type=\"e-flexbox\" data-interaction-id=\"e253c6fe\">\n    \t\t\t<h1 data-interaction-id=\"e93a2289\" class=\"h1-on-dark e-heading-base\">Hege. Verantwortung. Gemeinschaft.<\/h1>\n\t\t\t\t\t<p class=\"lead-text-on-dark e-paragraph-base\" data-interaction-id=\"ee6b9f84\">Gemeinsam f\u00fcr Wild, Natur und Jagd in Menden. Wir stehen f\u00fcr jagdliches Handwerk, Verantwortung, Naturschutz und fundierte Ausbildung.<\/p>\n\t\t<div class=\"elementor-element elementor-element-e9a6e480 e-con e-atomic-element e-flexbox-base \" data-id=\"e9a6e480\" data-element_type=\"e-flexbox\" data-e-type=\"e-flexbox\" data-interaction-id=\"e9a6e480\">\n    \t\t\t<a href=\"https:\/\/www.hegering-menden.de\/?page_id=285\" target=\"_self\" class=\"btn-on-dark e-button-base\" data-interaction-id=\"e3c06bb2\">\n\t\tMitglied werden\n\t<\/a>\t\t\t\t\t<a href=\"https:\/\/www.hegering-menden.de\/?page_id=208\" target=\"_self\" class=\"btn-outline-on-dark e-button-base\" data-interaction-id=\"e68a2796\">\n\t\tDen Hegering entdecken\n\t<\/a>\t\t\n<\/div>\n\n<\/div>\n\n<\/div>\n\n<\/div>\n<div class=\"elementor-element elementor-element-ecce7082 e-con e-atomic-element e-flexbox-base bg-tint \" data-id=\"ecce7082\" data-element_type=\"e-flexbox\" data-e-type=\"e-flexbox\" data-interaction-id=\"ecce7082\">\n    <div class=\"elementor-element elementor-element-ec0fa78c e-con e-atomic-element e-flexbox-base container-1280 row-between \" data-id=\"ec0fa78c\" data-element_type=\"e-flexbox\" data-e-type=\"e-flexbox\" data-interaction-id=\"ec0fa78c\">\n    \t\t<div class=\"elementor-element elementor-element-e903a89c elementor-widget elementor-widget-html\" data-id=\"e903a89c\" data-element_type=\"widget\" data-e-type=\"widget\" data-widget_type=\"html.default\">\n\t\t\t\t\t<span class=\"next-termin-compact\">10.09.2026 \u00b7 Anmeldung Jungj\u00e4gerkurs<\/span>\t\t\t\t<\/div>\n\t\t\t\t\t<span class=\"link-arrow e-paragraph-base\" data-interaction-id=\"eda4b48e\"><a href=\"https:\/\/www.hegering-menden.de\/?page_id=301\" target=\"_self\" class=\"e-paragraph-link-base\">\n\t\tTermine ansehen\n\t<\/a><\/span>\n\t\t\n<\/div>\n\n<\/div>\n<div class=\"elementor-element elementor-element-e0f3dbc7 e-con e-atomic-element e-flexbox-base bg-cream section-py \" data-id=\"e0f3dbc7\" data-element_type=\"e-flexbox\" data-e-type=\"e-flexbox\" data-interaction-id=\"e0f3dbc7\">\n    <div class=\"elementor-element elementor-element-ea66cf03 e-con e-atomic-element e-flexbox-base container-1280 row-split \" data-id=\"ea66cf03\" data-element_type=\"e-flexbox\" data-e-type=\"e-flexbox\" data-interaction-id=\"ea66cf03\">\n    <div class=\"elementor-element elementor-element-e8d394de e-con e-atomic-element e-flexbox-base col-half stack-lg \" data-id=\"e8d394de\" data-element_type=\"e-flexbox\" data-e-type=\"e-flexbox\" data-interaction-id=\"e8d394de\">\n    <div class=\"elementor-element elementor-element-e3d6ae4c e-con e-atomic-element e-flexbox-base stack-sm \" data-id=\"e3d6ae4c\" data-element_type=\"e-flexbox\" data-e-type=\"e-flexbox\" data-interaction-id=\"e3d6ae4c\">\n    \t\t\t<p class=\"eyebrow e-paragraph-base\" data-interaction-id=\"eb86961b\">DER HEGERING<\/p>\n\t\t\t\t\t<h2 data-interaction-id=\"e074a0f6\" class=\"h2 e-heading-base\">Jagd ist heute vor allem Verantwortung f\u00fcr die Natur<\/h2>\n\t\t\t\t\t<p class=\"body-text e-paragraph-base\" data-interaction-id=\"e375a896\">Der Hegering Menden engagiert sich f\u00fcr Jagd, Hege, Naturschutz, Ausbildung und ein verantwortungsvolles Miteinander im Revier. Unsere Mitglieder bringen sich ehrenamtlich in zahlreichen Aufgabenbereichen ein \u2013 das ganze Jahr \u00fcber.<\/p>\n\t\t\n<\/div>\n\t\t\t<a href=\"https:\/\/www.hegering-menden.de\/?page_id=208\" target=\"_self\" class=\"btn-primary e-button-base\" data-interaction-id=\"ee230e0c\">\n\t\tMehr \u00fcber den Hegering\n\t<\/a>\t\t\n<\/div>\n<div class=\"elementor-element elementor-element-ebf5c6aa e-con e-atomic-element e-flexbox-base col-half stack-md \" data-id=\"ebf5c6aa\" data-element_type=\"e-flexbox\" data-e-type=\"e-flexbox\" data-interaction-id=\"ebf5c6aa\">\n    \t\t\t<img fetchpriority=\"high\" decoding=\"async\" class=\"e-image-base aspect-4-3 img-cover card-frame\" data-interaction-id=\"e531e34a\" id=\"407\" src=\"https:\/\/www.hegering-menden.de\/wp-content\/uploads\/2026\/08\/hegering-menden-startseite-hegering-ueberblick.jpg-1024x768.jpg\" width=\"800\" height=\"600\" srcset=\"https:\/\/www.hegering-menden.de\/wp-content\/uploads\/2026\/08\/hegering-menden-startseite-hegering-ueberblick.jpg-1024x768.jpg 1024w, https:\/\/www.hegering-menden.de\/wp-content\/uploads\/2026\/08\/hegering-menden-startseite-hegering-ueberblick.jpg-300x225.jpg 300w, https:\/\/www.hegering-menden.de\/wp-content\/uploads\/2026\/08\/hegering-menden-startseite-hegering-ueberblick.jpg-768x576.jpg 768w, https:\/\/www.hegering-menden.de\/wp-content\/uploads\/2026\/08\/hegering-menden-startseite-hegering-ueberblick.jpg-1536x1152.jpg 1536w, https:\/\/www.hegering-menden.de\/wp-content\/uploads\/2026\/08\/hegering-menden-startseite-hegering-ueberblick.jpg.jpg 1707w\" alt=\"\"\/>\t\t<div class=\"elementor-element elementor-element-e76c83f0 e-con e-atomic-element e-flexbox-base grid-wrap \" data-id=\"e76c83f0\" data-element_type=\"e-flexbox\" data-e-type=\"e-flexbox\" data-interaction-id=\"e76c83f0\">\n    <div class=\"elementor-element elementor-element-ee8662c5 e-con e-atomic-element e-flexbox-base kpi-card bg-tint \" data-id=\"ee8662c5\" data-element_type=\"e-flexbox\" data-e-type=\"e-flexbox\" data-interaction-id=\"ee8662c5\">\n    \t\t\t<h3 data-interaction-id=\"e7a65010\" class=\"h2-compact e-heading-base\">452<\/h3>\n\t\t\t\t\t<p class=\"meta-small e-paragraph-base\" data-interaction-id=\"eed5109e\">Mitglieder<\/p>\n\t\t\n<\/div>\n<div class=\"elementor-element elementor-element-ed60cc3f e-con e-atomic-element e-flexbox-base kpi-card bg-tint \" data-id=\"ed60cc3f\" data-element_type=\"e-flexbox\" data-e-type=\"e-flexbox\" data-interaction-id=\"ed60cc3f\">\n    \t\t\t<h3 data-interaction-id=\"ed14edce\" class=\"h2-compact e-heading-base\">27<\/h3>\n\t\t\t\t\t<p class=\"meta-small e-paragraph-base\" data-interaction-id=\"e9d5bb10\">Reviere \u00b7 6.615 ha<\/p>\n\t\t\n<\/div>\n<div class=\"elementor-element elementor-element-eb318d98 e-con e-atomic-element e-flexbox-base kpi-card bg-tint \" data-id=\"eb318d98\" data-element_type=\"e-flexbox\" data-e-type=\"e-flexbox\" data-interaction-id=\"eb318d98\">\n    \t\t\t<h3 data-interaction-id=\"ecc728ec\" class=\"h2-compact e-heading-base\">1924<\/h3>\n\t\t\t\t\t<p class=\"meta-small e-paragraph-base\" data-interaction-id=\"ed2262c5\">erster Hegering in Menden<\/p>\n\t\t\n<\/div>\n\n<\/div>\n\n<\/div>\n\n<\/div>\n\n<\/div>\n<div class=\"elementor-element elementor-element-e7690fe5 e-con e-atomic-element e-flexbox-base bg-cream section-py \" data-id=\"e7690fe5\" data-element_type=\"e-flexbox\" data-e-type=\"e-flexbox\" data-interaction-id=\"e7690fe5\">\n    <div class=\"elementor-element elementor-element-ee5bbf4d e-con e-atomic-element e-flexbox-base container-1280 stack-lg \" data-id=\"ee5bbf4d\" data-element_type=\"e-flexbox\" data-e-type=\"e-flexbox\" data-interaction-id=\"ee5bbf4d\">\n    <div class=\"elementor-element elementor-element-eefce7f9 e-con e-atomic-element e-flexbox-base stack-sm \" data-id=\"eefce7f9\" data-element_type=\"e-flexbox\" data-e-type=\"e-flexbox\" data-interaction-id=\"eefce7f9\">\n    \t\t\t<p class=\"eyebrow e-paragraph-base\" data-interaction-id=\"e43ae1e2\">UNSERE THEMEN<\/p>\n\t\t\t\t\t<h2 data-interaction-id=\"eb682eb9\" class=\"h2 e-heading-base\">Wof\u00fcr wir uns einsetzen<\/h2>\n\t\t\n<\/div>\n<div class=\"elementor-element elementor-element-e422ba71 e-con e-atomic-element e-flexbox-base grid-wrap \" data-id=\"e422ba71\" data-element_type=\"e-flexbox\" data-e-type=\"e-flexbox\" data-interaction-id=\"e422ba71\">\n    <div class=\"elementor-element elementor-element-ed0b2e0c e-con e-atomic-element e-flexbox-base col-third bg-tint card-frame \" data-id=\"ed0b2e0c\" data-element_type=\"e-flexbox\" data-e-type=\"e-flexbox\" data-interaction-id=\"ed0b2e0c\">\n    \t\t\t<img decoding=\"async\" class=\"e-image-base aspect-4-3 img-cover\" data-interaction-id=\"ea3587b5\" id=\"179\" src=\"https:\/\/www.hegering-menden.de\/wp-content\/uploads\/2026\/08\/startseite-jungjaegerausbildung-V1.jpg-1024x768.jpg\" width=\"800\" height=\"600\" srcset=\"https:\/\/www.hegering-menden.de\/wp-content\/uploads\/2026\/08\/startseite-jungjaegerausbildung-V1.jpg-1024x768.jpg 1024w, https:\/\/www.hegering-menden.de\/wp-content\/uploads\/2026\/08\/startseite-jungjaegerausbildung-V1.jpg-300x225.jpg 300w, https:\/\/www.hegering-menden.de\/wp-content\/uploads\/2026\/08\/startseite-jungjaegerausbildung-V1.jpg-768x576.jpg 768w, https:\/\/www.hegering-menden.de\/wp-content\/uploads\/2026\/08\/startseite-jungjaegerausbildung-V1.jpg-1536x1152.jpg 1536w, https:\/\/www.hegering-menden.de\/wp-content\/uploads\/2026\/08\/startseite-jungjaegerausbildung-V1.jpg.jpg 1707w\" alt=\"\"\/>\t\t<div class=\"elementor-element elementor-element-ea23d9ce e-con e-atomic-element e-flexbox-base card-body \" data-id=\"ea23d9ce\" data-element_type=\"e-flexbox\" data-e-type=\"e-flexbox\" data-interaction-id=\"ea23d9ce\">\n    \t\t\t<h3 data-interaction-id=\"e44de18c\" class=\"h3 e-heading-base\">Jungj\u00e4gerausbildung<\/h3>\n\t\t\t\t\t<p class=\"body-text e-paragraph-base\" data-interaction-id=\"ea8446b1\">Praxisnah zur Jagdpr\u00fcfung \u2013 fundiert begleitet.<\/p>\n\t\t\t\t\t<span class=\"link-arrow-on-dark e-paragraph-base\" data-interaction-id=\"ec6824b6\"><a href=\"https:\/\/www.hegering-menden.de\/?page_id=230\" target=\"_self\" class=\"e-paragraph-link-base\">\n\t\tMehr erfahren\n\t<\/a><\/span>\n\t\t\n<\/div>\n\n<\/div>\n<div class=\"elementor-element elementor-element-e265a3a7 e-con e-atomic-element e-flexbox-base col-third bg-tint card-frame \" data-id=\"e265a3a7\" data-element_type=\"e-flexbox\" data-e-type=\"e-flexbox\" data-interaction-id=\"e265a3a7\">\n    \t\t\t<img decoding=\"async\" class=\"e-image-base aspect-4-3 img-cover\" data-interaction-id=\"ec5d168a\" id=\"180\" src=\"https:\/\/www.hegering-menden.de\/wp-content\/uploads\/2026\/08\/startseite-kitzrettung-V1.jpg-1024x768.jpg\" width=\"800\" height=\"600\" srcset=\"https:\/\/www.hegering-menden.de\/wp-content\/uploads\/2026\/08\/startseite-kitzrettung-V1.jpg-1024x768.jpg 1024w, https:\/\/www.hegering-menden.de\/wp-content\/uploads\/2026\/08\/startseite-kitzrettung-V1.jpg-300x225.jpg 300w, https:\/\/www.hegering-menden.de\/wp-content\/uploads\/2026\/08\/startseite-kitzrettung-V1.jpg-768x576.jpg 768w, https:\/\/www.hegering-menden.de\/wp-content\/uploads\/2026\/08\/startseite-kitzrettung-V1.jpg-1536x1152.jpg 1536w, https:\/\/www.hegering-menden.de\/wp-content\/uploads\/2026\/08\/startseite-kitzrettung-V1.jpg.jpg 2016w\" alt=\"\"\/>\t\t<div class=\"elementor-element elementor-element-e0691699 e-con e-atomic-element e-flexbox-base card-body \" data-id=\"e0691699\" data-element_type=\"e-flexbox\" data-e-type=\"e-flexbox\" data-interaction-id=\"e0691699\">\n    \t\t\t<h3 data-interaction-id=\"ef037dfa\" class=\"h3 e-heading-base\">Kitzrettung<\/h3>\n\t\t\t\t\t<p class=\"body-text e-paragraph-base\" data-interaction-id=\"e95b60cf\">Mit Drohne und W\u00e4rmebildtechnik Leben retten.<\/p>\n\t\t\t\t\t<span class=\"link-arrow-on-dark e-paragraph-base\" data-interaction-id=\"eb495585\"><a href=\"https:\/\/www.hegering-menden.de\/?page_id=242\" target=\"_self\" class=\"e-paragraph-link-base\">\n\t\tMehr erfahren\n\t<\/a><\/span>\n\t\t\n<\/div>\n\n<\/div>\n<div class=\"elementor-element elementor-element-ef94d112 e-con e-atomic-element e-flexbox-base col-third bg-tint card-frame \" data-id=\"ef94d112\" data-element_type=\"e-flexbox\" data-e-type=\"e-flexbox\" data-interaction-id=\"ef94d112\">\n    \t\t\t<img loading=\"lazy\" decoding=\"async\" class=\"e-image-base aspect-4-3 img-cover\" data-interaction-id=\"eeeab5b3\" id=\"177\" src=\"https:\/\/www.hegering-menden.de\/wp-content\/uploads\/2026\/08\/startseite-hege-verantwortung-V1.jpg-1024x768.jpg\" width=\"800\" height=\"600\" srcset=\"https:\/\/www.hegering-menden.de\/wp-content\/uploads\/2026\/08\/startseite-hege-verantwortung-V1.jpg-1024x768.jpg 1024w, https:\/\/www.hegering-menden.de\/wp-content\/uploads\/2026\/08\/startseite-hege-verantwortung-V1.jpg-300x225.jpg 300w, https:\/\/www.hegering-menden.de\/wp-content\/uploads\/2026\/08\/startseite-hege-verantwortung-V1.jpg-768x576.jpg 768w, https:\/\/www.hegering-menden.de\/wp-content\/uploads\/2026\/08\/startseite-hege-verantwortung-V1.jpg-1536x1152.jpg 1536w, https:\/\/www.hegering-menden.de\/wp-content\/uploads\/2026\/08\/startseite-hege-verantwortung-V1.jpg-2048x1536.jpg 2048w\" alt=\"\"\/>\t\t<div class=\"elementor-element elementor-element-e81b863d e-con e-atomic-element e-flexbox-base card-body \" data-id=\"e81b863d\" data-element_type=\"e-flexbox\" data-e-type=\"e-flexbox\" data-interaction-id=\"e81b863d\">\n    \t\t\t<h3 data-interaction-id=\"edf6e64f\" class=\"h3 e-heading-base\">Biotopschutz<\/h3>\n\t\t\t\t\t<p class=\"body-text e-paragraph-base\" data-interaction-id=\"ea64e177\">Verantwortung f\u00fcr Wild, Lebensr\u00e4ume und Natur.<\/p>\n\t\t\t\t\t<span class=\"link-arrow-on-dark e-paragraph-base\" data-interaction-id=\"e98a1f13\"><a href=\"https:\/\/www.hegering-menden.de\/?page_id=248\" target=\"_self\" class=\"e-paragraph-link-base\">\n\t\tMehr erfahren\n\t<\/a><\/span>\n\t\t\n<\/div>\n\n<\/div>\n\n<\/div>\n\n<\/div>\n\n<\/div>\n<div class=\"elementor-element elementor-element-eb61b483 e-con e-atomic-element e-flexbox-base bg-white section-py \" data-id=\"eb61b483\" data-element_type=\"e-flexbox\" data-e-type=\"e-flexbox\" data-interaction-id=\"eb61b483\">\n    <div class=\"elementor-element elementor-element-e3641e6e e-con e-atomic-element e-flexbox-base container-1280 stack-lg \" data-id=\"e3641e6e\" data-element_type=\"e-flexbox\" data-e-type=\"e-flexbox\" data-interaction-id=\"e3641e6e\">\n    <div class=\"elementor-element elementor-element-edc466a8 e-con e-atomic-element e-flexbox-base row-between \" data-id=\"edc466a8\" data-element_type=\"e-flexbox\" data-e-type=\"e-flexbox\" data-interaction-id=\"edc466a8\">\n    <div class=\"elementor-element elementor-element-e118ae5e e-con e-atomic-element e-flexbox-base stack-sm \" data-id=\"e118ae5e\" data-element_type=\"e-flexbox\" data-e-type=\"e-flexbox\" data-interaction-id=\"e118ae5e\">\n    \t\t\t<p class=\"eyebrow e-paragraph-base\" data-interaction-id=\"ea597e82\">AKTUELLES<\/p>\n\t\t\t\t\t<h2 data-interaction-id=\"edd6dd1c\" class=\"h2 e-heading-base\">Neuigkeiten aus dem Hegering<\/h2>\n\t\t\n<\/div>\n\t\t\t<span class=\"link-arrow e-paragraph-base\" data-interaction-id=\"e4f6c4b5\"><a href=\"https:\/\/www.hegering-menden.de\/?page_id=326\" target=\"_self\" class=\"e-paragraph-link-base\">\n\t\tAlle Meldungen anzeigen\n\t<\/a><\/span>\n\t\t\n<\/div>\n\t\t<div class=\"elementor-element elementor-element-e939d906 elementor-widget elementor-widget-html\" data-id=\"e939d906\" data-element_type=\"widget\" data-e-type=\"widget\" data-widget_type=\"html.default\">\n\t\t\t\t\t<div class=\"home-aktuelles-grid\"><article class=\"home-aktuelles-card\"><a href=\"https:\/\/www.hegering-menden.de\/?p=337\" class=\"home-aktuelles-card-image\"><img loading=\"lazy\" decoding=\"async\" width=\"800\" height=\"600\" src=\"https:\/\/www.hegering-menden.de\/wp-content\/uploads\/2026\/09\/2026-08-30_Festumzug_750-Jahre-1024x768.jpeg\" class=\"attachment-large size-large wp-post-image\" alt=\"Mitglieder des Hegerings Menden beim Festumzug zum 750-j\u00e4hrigen Stadtjubil\u00e4um\" srcset=\"https:\/\/www.hegering-menden.de\/wp-content\/uploads\/2026\/09\/2026-08-30_Festumzug_750-Jahre-1024x768.jpeg 1024w, https:\/\/www.hegering-menden.de\/wp-content\/uploads\/2026\/09\/2026-08-30_Festumzug_750-Jahre-300x225.jpeg 300w, https:\/\/www.hegering-menden.de\/wp-content\/uploads\/2026\/09\/2026-08-30_Festumzug_750-Jahre-768x576.jpeg 768w, https:\/\/www.hegering-menden.de\/wp-content\/uploads\/2026\/09\/2026-08-30_Festumzug_750-Jahre-1536x1152.jpeg 1536w, https:\/\/www.hegering-menden.de\/wp-content\/uploads\/2026\/09\/2026-08-30_Festumzug_750-Jahre.jpeg 1600w\" sizes=\"(max-width: 800px) 100vw, 800px\" \/><\/a><div class=\"home-aktuelles-card-body\"><span class=\"home-aktuelles-card-date\">01.09.2026<\/span><h3 class=\"home-aktuelles-card-title\"><a href=\"https:\/\/www.hegering-menden.de\/?p=337\">Hegering Menden beim Festumzug zum 750-j\u00e4hrigen Stadtjubil\u00e4um<\/a><\/h3><p class=\"home-aktuelles-card-excerpt\">Mit rund 40 Teilnehmerinnen und Teilnehmern, einer Kutsche und unseren Jagdhornbl\u00e4sern beteiligte sich der Hegering Menden am Festumzug zum 750-j\u00e4hrigen Stadtjubil\u00e4um.<\/p><a href=\"https:\/\/www.hegering-menden.de\/?p=337\" class=\"home-aktuelles-card-link\">Weiterlesen<\/a><\/div><\/article><article class=\"home-aktuelles-card\"><a href=\"https:\/\/www.hegering-menden.de\/?p=336\" class=\"home-aktuelles-card-image\"><img loading=\"lazy\" decoding=\"async\" width=\"800\" height=\"534\" src=\"https:\/\/www.hegering-menden.de\/wp-content\/uploads\/2026\/08\/aktuelles-hundewesen-1024x683.jpg\" class=\"attachment-large size-large wp-post-image\" alt=\"Jagdhund bei der Arbeit im Revier\" srcset=\"https:\/\/www.hegering-menden.de\/wp-content\/uploads\/2026\/08\/aktuelles-hundewesen-1024x683.jpg 1024w, https:\/\/www.hegering-menden.de\/wp-content\/uploads\/2026\/08\/aktuelles-hundewesen-300x200.jpg 300w, https:\/\/www.hegering-menden.de\/wp-content\/uploads\/2026\/08\/aktuelles-hundewesen-768x512.jpg 768w, https:\/\/www.hegering-menden.de\/wp-content\/uploads\/2026\/08\/aktuelles-hundewesen-1536x1024.jpg 1536w, https:\/\/www.hegering-menden.de\/wp-content\/uploads\/2026\/08\/aktuelles-hundewesen-2048x1365.jpg 2048w\" sizes=\"(max-width: 800px) 100vw, 800px\" \/><\/a><div class=\"home-aktuelles-card-body\"><span class=\"home-aktuelles-card-date\">10.08.2026<\/span><h3 class=\"home-aktuelles-card-title\"><a href=\"https:\/\/www.hegering-menden.de\/?p=336\">Nachfolger f\u00fcr das Hundewesen gesucht<\/a><\/h3><p class=\"home-aktuelles-card-excerpt\">Der Hegering Menden sucht einen Nachfolger f\u00fcr das Amt des Obmanns f\u00fcr das Hundewesen. Die Arbeit mit brauchbaren Jagdhunden ist ein wichtiger\u2026<\/p><a href=\"https:\/\/www.hegering-menden.de\/?p=336\" class=\"home-aktuelles-card-link\">Weiterlesen<\/a><\/div><\/article><article class=\"home-aktuelles-card\"><a href=\"https:\/\/www.hegering-menden.de\/?p=335\" class=\"home-aktuelles-card-image\"><img loading=\"lazy\" decoding=\"async\" width=\"800\" height=\"600\" src=\"https:\/\/www.hegering-menden.de\/wp-content\/uploads\/2026\/08\/aktuelles-kitzrettung-1024x768.jpeg\" class=\"attachment-large size-large wp-post-image\" alt=\"Drohne bei der Kitzrettung \u00fcber einer Wiese\" srcset=\"https:\/\/www.hegering-menden.de\/wp-content\/uploads\/2026\/08\/aktuelles-kitzrettung-1024x768.jpeg 1024w, https:\/\/www.hegering-menden.de\/wp-content\/uploads\/2026\/08\/aktuelles-kitzrettung-300x225.jpeg 300w, https:\/\/www.hegering-menden.de\/wp-content\/uploads\/2026\/08\/aktuelles-kitzrettung-768x576.jpeg 768w, https:\/\/www.hegering-menden.de\/wp-content\/uploads\/2026\/08\/aktuelles-kitzrettung-1536x1152.jpeg 1536w, https:\/\/www.hegering-menden.de\/wp-content\/uploads\/2026\/08\/aktuelles-kitzrettung.jpeg 2000w\" sizes=\"(max-width: 800px) 100vw, 800px\" \/><\/a><div class=\"home-aktuelles-card-body\"><span class=\"home-aktuelles-card-date\">10.08.2026<\/span><h3 class=\"home-aktuelles-card-title\"><a href=\"https:\/\/www.hegering-menden.de\/?p=335\">Wenn die meisten Menschen noch schlafen: Kitzrettung beim Hegering Menden<\/a><\/h3><p class=\"home-aktuelles-card-excerpt\">Wenn in den fr\u00fchen Morgenstunden die meisten Menschen noch schlafen, beginnt f\u00fcr das Drohnenteam des Hegerings Menden die Arbeit. Vor der Mahd\u2026<\/p><a href=\"https:\/\/www.hegering-menden.de\/?p=335\" class=\"home-aktuelles-card-link\">Weiterlesen<\/a><\/div><\/article><\/div>\t\t\t\t<\/div>\n\t\t\n<\/div>\n\n<\/div>\n<div class=\"elementor-element elementor-element-e69d99a6 e-con e-atomic-element e-flexbox-base bg-cream section-py \" data-id=\"e69d99a6\" data-element_type=\"e-flexbox\" data-e-type=\"e-flexbox\" data-interaction-id=\"e69d99a6\">\n    <div class=\"elementor-element elementor-element-e116bb1b e-con e-atomic-element e-flexbox-base container-1280 stack-md \" data-id=\"e116bb1b\" data-element_type=\"e-flexbox\" data-e-type=\"e-flexbox\" data-interaction-id=\"e116bb1b\">\n    <div class=\"elementor-element elementor-element-ed2a841a e-con e-atomic-element e-flexbox-base row-between \" data-id=\"ed2a841a\" data-element_type=\"e-flexbox\" data-e-type=\"e-flexbox\" data-interaction-id=\"ed2a841a\">\n    <div class=\"elementor-element elementor-element-eab09d2c e-con e-atomic-element e-flexbox-base stack-sm \" data-id=\"eab09d2c\" data-element_type=\"e-flexbox\" data-e-type=\"e-flexbox\" data-interaction-id=\"eab09d2c\">\n    \t\t\t<p class=\"eyebrow e-paragraph-base\" data-interaction-id=\"e96e9fc3\">TERMINE<\/p>\n\t\t\t\t\t<h2 data-interaction-id=\"ef8485e0\" class=\"h2 e-heading-base\">N\u00e4chste Termine<\/h2>\n\t\t\n<\/div>\n\t\t\t<span class=\"link-arrow e-paragraph-base\" data-interaction-id=\"e2fa0002\"><a href=\"https:\/\/www.hegering-menden.de\/?page_id=301\" target=\"_self\" class=\"e-paragraph-link-base\">\n\t\tAlle Termine ansehen\n\t<\/a><\/span>\n\t\t\n<\/div>\n\t\t<div class=\"elementor-element elementor-element-e68cfb85 elementor-widget elementor-widget-html\" data-id=\"e68cfb85\" data-element_type=\"widget\" data-e-type=\"widget\" data-widget_type=\"html.default\">\n\t\t\t\t\t<div class=\"home-termine-list\"><div class=\"home-termin-row\"><span class=\"home-termin-date\">10.09.2026<\/span><div class=\"home-termin-content\"><h3 class=\"home-termin-title\">Anmeldung Jungj\u00e4gerkurs<\/h3><p class=\"home-termin-meta\">Schie\u00dfstand Hexenteich \u00b7 19:00 Uhr<\/p><p class=\"home-termin-desc\">Gemeinsamer Anmeldetermin f\u00fcr den Jungj\u00e4gerkurs.<\/p><\/div><\/div><div class=\"home-termin-row\"><span class=\"home-termin-date\">14.09.2026<\/span><div class=\"home-termin-content\"><h3 class=\"home-termin-title\">Start Jungj\u00e4gerkurs 2026\/27<\/h3><p class=\"home-termin-desc\">Beginn des neuen Vorbereitungskurses auf die J\u00e4gerpr\u00fcfung.<\/p><\/div><\/div><\/div>\t\t\t\t<\/div>\n\t\t\n<\/div>\n\n<\/div>\n<div class=\"elementor-element elementor-element-e1f71ce4 e-con e-atomic-element e-flexbox-base bg-gold band-py \" data-id=\"e1f71ce4\" data-element_type=\"e-flexbox\" data-e-type=\"e-flexbox\" data-interaction-id=\"e1f71ce4\">\n    <div class=\"elementor-element elementor-element-e5473d0b e-con e-atomic-element e-flexbox-base container-1280 row-between \" data-id=\"e5473d0b\" data-element_type=\"e-flexbox\" data-e-type=\"e-flexbox\" data-interaction-id=\"e5473d0b\">\n    <div class=\"elementor-element elementor-element-e0b90591 e-con e-atomic-element e-flexbox-base stack-sm cta-col-text \" data-id=\"e0b90591\" data-element_type=\"e-flexbox\" data-e-type=\"e-flexbox\" data-interaction-id=\"e0b90591\">\n    \t\t\t<h2 data-interaction-id=\"e1f1f35a\" class=\"h2 e-heading-base\">Werde Teil des Hegerings<\/h2>\n\t\t\t\t\t<p class=\"body-text e-paragraph-base\" data-interaction-id=\"e8a3aafc\">Engagiere dich f\u00fcr Jagd, Natur und unsere Region.<\/p>\n\t\t\n<\/div>\n\t\t\t<a href=\"https:\/\/www.hegering-menden.de\/?page_id=285\" target=\"_self\" class=\"btn-on-gold cta-col-btn e-button-base\" data-interaction-id=\"ec3de59a\">\n\t\tMitglied werden\n\t<\/a>\t\t\n<\/div>\n\n<\/div>\n\t\t<\/div>\n\t\t","protected":false},"excerpt":{"rendered":"<p>Hege. Verantwortung. Gemeinschaft. Gemeinsam f\u00fcr Wild, Natur und Jagd in Menden. Wir stehen f\u00fcr jagdliches Handwerk, Verantwortung, Naturschutz und fundierte Ausbildung. Mitglied werden Den Hegering entdecken 30.08.2026 \u00b7 Festumzug \u201e750 Jahre Menden\u201c Termine ansehen DER HEGERING Jagd ist heute vor allem Verantwortung f\u00fcr die Natur Der Hegering Menden engagiert sich f\u00fcr Jagd, Hege, Naturschutz, Ausbildung [&hellip;]<\/p>\n","protected":false},"author":1,"featured_media":0,"parent":0,"menu_order":0,"comment_status":"closed","ping_status":"closed","template":"","meta":{"footnotes":""},"class_list":["post-158","page","type-page","status-publish","hentry"],"_links":{"self":[{"href":"https:\/\/www.hegering-menden.de\/index.php?rest_route=\/wp\/v2\/pages\/158","targetHints":{"allow":["GET"]}}],"collection":[{"href":"https:\/\/www.hegering-menden.de\/index.php?rest_route=\/wp\/v2\/pages"}],"about":[{"href":"https:\/\/www.hegering-menden.de\/index.php?rest_route=\/wp\/v2\/types\/page"}],"author":[{"embeddable":true,"href":"https:\/\/www.hegering-menden.de\/index.php?rest_route=\/wp\/v2\/users\/1"}],"replies":[{"embeddable":true,"href":"https:\/\/www.hegering-menden.de\/index.php?rest_route=%2Fwp%2Fv2%2Fcomments&post=158"}],"version-history":[{"count":26,"href":"https:\/\/www.hegering-menden.de\/index.php?rest_route=\/wp\/v2\/pages\/158\/revisions"}],"predecessor-version":[{"id":501,"href":"https:\/\/www.hegering-menden.de\/index.php?rest_route=\/wp\/v2\/pages\/158\/revisions\/501"}],"wp:attachment":[{"href":"https:\/\/www.hegering-menden.de\/index.php?rest_route=%2Fwp%2Fv2%2Fmedia&parent=158"}],"curies":[{"name":"wp","href":"https:\/\/api.w.org\/{rel}","templated":true}]}}